{"id":45218,"date":"2020-06-19T19:42:05","date_gmt":"2020-06-19T22:42:05","guid":{"rendered":"http:\/\/blogdoeloiltoncajuhy.com.br\/site\/?page_id=45218"},"modified":"2021-12-15T11:40:27","modified_gmt":"2021-12-15T14:40:27","slug":"home","status":"publish","type":"page","link":"https:\/\/blogdoeloiltoncajuhy.com.br\/site\/","title":{"rendered":"Blog do Eloilton Cajuhy"},"content":{"rendered":"\t\t<div data-elementor-type=\"wp-page\" data-elementor-id=\"45218\" class=\"elementor elementor-45218\" data-elementor-post-type=\"page\">\n\t\t\t\t\t\t<section class=\"elementor-section elementor-top-section elementor-element elementor-element-4d1294ce elementor-section-boxed elementor-section-height-default elementor-section-height-default\" data-id=\"4d1294ce\" data-element_type=\"section\" data-settings=\"{&quot;background_background&quot;:&quot;classic&quot;}\">\n\t\t\t\t\t\t<div class=\"elementor-container elementor-column-gap-default\">\n\t\t\t\t\t<div class=\"elementor-column elementor-col-100 elementor-top-column elementor-element elementor-element-2ffafac0\" data-id=\"2ffafac0\" data-element_type=\"column\">\n\t\t\t<div class=\"elementor-widget-wrap elementor-element-populated\">\n\t\t\t\t\t\t<div class=\"elementor-element elementor-element-29815bf2 elementor-widget elementor-widget-jet-blog-smart-tiles\" data-id=\"29815bf2\" data-element_type=\"widget\" data-widget_type=\"jet-blog-smart-tiles.default\">\n\t\t\t\t<div class=\"elementor-widget-container\">\n\t\t\t\t\t<div class=\"elementor-jet-blog-smart-tiles jet-blog\"><div class=\"jet-smart-tiles-wrap\" data-slider-atts='{\"adaptiveHeight\":true,\"arrows\":false,\"prevArrow\":\"<i class=\\\"jet-arrow-prev jet-blog-arrow\\\"><svg width=\\\"24\\\" height=\\\"24\\\" viewBox=\\\"0 0 24 24\\\" fill=\\\"none\\\" xmlns=\\\"http:\\\/\\\/www.w3.org\\\/2000\\\/svg\\\"><path d=\\\"M14.625 5.3999L16.3 7.0749L11.35 12.0249L16.3 16.9749L14.625 18.6499L7.99999 12.0249L14.625 5.3999Z\\\" fill=\\\"#0F172A\\\"\\\/><\\\/svg><\\\/i>\",\"nextArrow\":\"<i class=\\\"jet-arrow-next jet-blog-arrow\\\"><svg width=\\\"24\\\" height=\\\"24\\\" viewBox=\\\"0 0 24 24\\\" fill=\\\"none\\\" xmlns=\\\"http:\\\/\\\/www.w3.org\\\/2000\\\/svg\\\"><path d=\\\"M9.37501 18.6001L7.70001 16.9251L12.65 11.9751L7.70001 7.0251L9.37501 5.3501L16 11.9751L9.37501 18.6001Z\\\" fill=\\\"#0F172A\\\"\\\/><\\\/svg><\\\/i>\",\"autoplay\":false,\"autoplaySpeed\":5000,\"rtl\":false}' dir=\"ltr\"><div class=\"jet-smart-tiles-slide\"><div class=\"jet-smart-tiles-slide__wrap layout-1-2-2\" ><div class=\"jet-smart-tiles\">\n\t<div class=\"jet-smart-tiles__box\" style=\"background-image:url('https:\/\/i0.wp.com\/blogdoeloiltoncajuhy.com.br\/site\/wp-content\/uploads\/2026\/05\/Praca-Dr.-Jose-Goncalves-Google-Maps.png?fit=493%2C553&ssl=1')\">\n\t\t<div class=\"jet-smart-tiles__terms\"><a href=\"https:\/\/blogdoeloiltoncajuhy.com.br\/site\/category\/noticias\/local\/\" class=\"jet-smart-tiles__terms-link jet-smart-tiles__terms-link--4\">Senhor do Bonfim<\/a><\/div>\t\t<div class=\"jet-smart-tiles__box-content\">\n\t\t\t<div class=\"jet-smart-tiles__box-content-inner\">\n\t\t\t\t\t\t\t\t\t\t\t\t<div class=\"jet-smart-tiles__box-title\">Homem morre ap\u00f3s passar mal no Centro de Bonfim<\/div>\t\t\t\t\t\t\t\t\t\t\t\t\t\t\t\t\t\t\t<\/div>\n\t\t<\/div>\n\t\t<a href=\"https:\/\/blogdoeloiltoncajuhy.com.br\/site\/homem-morre-apos-passar-mal-no-centro-de-bonfim\/\" class=\"jet-smart-tiles__box-link\" aria-label=\"Homem morre ap\u00f3s passar mal no Centro de Bonfim\"><\/a>\n\t<\/div>\n<\/div><div class=\"jet-smart-tiles\">\n\t<div class=\"jet-smart-tiles__box\" style=\"background-image:url('https:\/\/i0.wp.com\/blogdoeloiltoncajuhy.com.br\/site\/wp-content\/uploads\/2026\/05\/Catatau-e-Sarah.jpg?fit=451%2C557&ssl=1')\">\n\t\t<div class=\"jet-smart-tiles__terms\"><a href=\"https:\/\/blogdoeloiltoncajuhy.com.br\/site\/category\/noticias\/local\/\" class=\"jet-smart-tiles__terms-link jet-smart-tiles__terms-link--4\">Senhor do Bonfim<\/a><\/div>\t\t<div class=\"jet-smart-tiles__box-content\">\n\t\t\t<div class=\"jet-smart-tiles__box-content-inner\">\n\t\t\t\t\t\t\t\t\t\t\t\t<div class=\"jet-smart-tiles__box-title\">Com aux\u00edlio de IA, jovem produz v\u00eddeo criativo com vereadores de Bonfim<\/div>\t\t\t\t\t\t\t\t\t\t\t\t\t\t\t\t\t\t\t<\/div>\n\t\t<\/div>\n\t\t<a href=\"https:\/\/blogdoeloiltoncajuhy.com.br\/site\/com-auxilio-de-ia-jovem-produz-video-criativo-com-vereadores-de-bonfim\/\" class=\"jet-smart-tiles__box-link\" aria-label=\"Com aux\u00edlio de IA, jovem produz v\u00eddeo criativo com vereadores de Bonfim\"><\/a>\n\t<\/div>\n<\/div><div class=\"jet-smart-tiles\">\n\t<div class=\"jet-smart-tiles__box\" style=\"background-image:url('https:\/\/i0.wp.com\/blogdoeloiltoncajuhy.com.br\/site\/wp-content\/uploads\/2026\/05\/PT-Bahia-020526.jpeg?fit=564%2C356&ssl=1')\">\n\t\t<div class=\"jet-smart-tiles__terms\"><a href=\"https:\/\/blogdoeloiltoncajuhy.com.br\/site\/category\/noticias\/politica\/\" class=\"jet-smart-tiles__terms-link jet-smart-tiles__terms-link--3\">Pol\u00edtica<\/a><\/div>\t\t<div class=\"jet-smart-tiles__box-content\">\n\t\t\t<div class=\"jet-smart-tiles__box-content-inner\">\n\t\t\t\t\t\t\t\t\t\t\t\t<div class=\"jet-smart-tiles__box-title\">PT lan\u00e7a campanha \u201cPrimeiro de Maio, Primeiro Voc\u00ea\u201d pelo fim das escalas exaustivas e pelos direitos do trabalhador<\/div>\t\t\t\t\t\t\t\t\t\t\t\t\t\t\t\t\t\t\t<\/div>\n\t\t<\/div>\n\t\t<a href=\"https:\/\/blogdoeloiltoncajuhy.com.br\/site\/pt-lanca-campanha-primeiro-de-maio-primeiro-voce-pelo-fim-das-escalas-exaustivas-e-pelos-direitos-do-trabalhador\/\" class=\"jet-smart-tiles__box-link\" aria-label=\"PT lan\u00e7a campanha \u201cPrimeiro de Maio, Primeiro Voc\u00ea\u201d pelo fim das escalas exaustivas e pelos direitos do trabalhador\"><\/a>\n\t<\/div>\n<\/div><div class=\"jet-smart-tiles\">\n\t<div class=\"jet-smart-tiles__box\" style=\"background-image:url('https:\/\/i0.wp.com\/blogdoeloiltoncajuhy.com.br\/site\/wp-content\/uploads\/2026\/05\/Flavinho-Foto-Minha-Cidade.jpeg?fit=483%2C434&ssl=1')\">\n\t\t<div class=\"jet-smart-tiles__terms\"><a href=\"https:\/\/blogdoeloiltoncajuhy.com.br\/site\/category\/noticias\/local\/\" class=\"jet-smart-tiles__terms-link jet-smart-tiles__terms-link--4\">Senhor do Bonfim<\/a><\/div>\t\t<div class=\"jet-smart-tiles__box-content\">\n\t\t\t<div class=\"jet-smart-tiles__box-content-inner\">\n\t\t\t\t\t\t\t\t\t\t\t\t<div class=\"jet-smart-tiles__box-title\">Luto: Morre Flavinho, figura carism\u00e1tica e conhecida de Senhor do Bonfim, aos 99 anos<\/div>\t\t\t\t\t\t\t\t\t\t\t\t\t\t\t\t\t\t\t<\/div>\n\t\t<\/div>\n\t\t<a href=\"https:\/\/blogdoeloiltoncajuhy.com.br\/site\/luto-morre-flavinho-figura-carismatica-e-conhecida-de-senhor-do-bonfim-aos-99-anos\/\" class=\"jet-smart-tiles__box-link\" aria-label=\"Luto: Morre Flavinho, figura carism\u00e1tica e conhecida de Senhor do Bonfim, aos 99 anos\"><\/a>\n\t<\/div>\n<\/div><div class=\"jet-smart-tiles\">\n\t<div class=\"jet-smart-tiles__box\" style=\"background-image:url('https:\/\/i0.wp.com\/blogdoeloiltoncajuhy.com.br\/site\/wp-content\/uploads\/2026\/04\/Desemprego-trabalho-Foto-Getty-Images.jpg?fit=768%2C512&ssl=1')\">\n\t\t<div class=\"jet-smart-tiles__terms\"><a href=\"https:\/\/blogdoeloiltoncajuhy.com.br\/site\/category\/noticias\/economia\/\" class=\"jet-smart-tiles__terms-link jet-smart-tiles__terms-link--31\">Economia<\/a><\/div>\t\t<div class=\"jet-smart-tiles__box-content\">\n\t\t\t<div class=\"jet-smart-tiles__box-content-inner\">\n\t\t\t\t\t\t\t\t\t\t\t\t<div class=\"jet-smart-tiles__box-title\">Brasil registra em mar\u00e7o a menor taxa de desocupa\u00e7\u00e3o da hist\u00f3ria para o primeiro trimestre<\/div>\t\t\t\t\t\t\t\t\t\t\t\t\t\t\t\t\t\t\t<\/div>\n\t\t<\/div>\n\t\t<a href=\"https:\/\/blogdoeloiltoncajuhy.com.br\/site\/brasil-registra-em-marco-a-menor-taxa-de-desocupacao-da-historia-para-o-primeiro-trimestre\/\" class=\"jet-smart-tiles__box-link\" aria-label=\"Brasil registra em mar\u00e7o a menor taxa de desocupa\u00e7\u00e3o da hist\u00f3ria para o primeiro trimestre\"><\/a>\n\t<\/div>\n<\/div><\/div><\/div><\/div><\/div>\t\t\t\t<\/div>\n\t\t\t\t<\/div>\n\t\t\t\t\t<\/div>\n\t\t<\/div>\n\t\t\t\t\t<\/div>\n\t\t<\/section>\n\t\t\t\t<section class=\"elementor-section elementor-top-section elementor-element elementor-element-24044566 elementor-section-content-middle elementor-section-full_width elementor-section-height-default elementor-section-height-default\" data-id=\"24044566\" data-element_type=\"section\" data-settings=\"{&quot;background_background&quot;:&quot;classic&quot;}\">\n\t\t\t\t\t\t<div class=\"elementor-container elementor-column-gap-default\">\n\t\t\t\t\t<div class=\"elementor-column elementor-col-100 elementor-top-column elementor-element elementor-element-46128b63\" data-id=\"46128b63\" data-element_type=\"column\">\n\t\t\t<div class=\"elementor-widget-wrap elementor-element-populated\">\n\t\t\t\t\t\t<div class=\"elementor-element elementor-element-b66c7f0 elementor-widget__width-inherit elementor-widget elementor-widget-shortcode\" data-id=\"b66c7f0\" data-element_type=\"widget\" data-widget_type=\"shortcode.default\">\n\t\t\t\t<div class=\"elementor-widget-container\">\n\t\t\t\t\t\t\t<div class=\"elementor-shortcode\"><div class=\"blogd-topo blogd-entity-placement\" id=\"blogd-1861240323\"><div id=\"blogd-1896361707\"><a href=\"https:\/\/www.ba.gov.br\/ssp\/\" target=\"_blank\" aria-label=\"Banner_03_01.05.26\"><img decoding=\"async\" src=\"https:\/\/i0.wp.com\/blogdoeloiltoncajuhy.com.br\/site\/wp-content\/uploads\/2026\/04\/Banner_03_01.05.26.gif?fit=728%2C90&#038;ssl=1\" alt=\"\"  class=\"no-lazyload\" width=\"928\"   \/><\/a><\/div><\/div><\/div>\n\t\t\t\t\t\t<\/div>\n\t\t\t\t<\/div>\n\t\t\t\t\t<\/div>\n\t\t<\/div>\n\t\t\t\t\t<\/div>\n\t\t<\/section>\n\t\t\t\t<section class=\"elementor-section elementor-top-section elementor-element elementor-element-556421be elementor-section-boxed elementor-section-height-default elementor-section-height-default\" data-id=\"556421be\" data-element_type=\"section\">\n\t\t\t\t\t\t<div class=\"elementor-container elementor-column-gap-default\">\n\t\t\t\t\t<div class=\"elementor-column elementor-col-66 elementor-top-column elementor-element elementor-element-14e60407\" data-id=\"14e60407\" data-element_type=\"column\">\n\t\t\t<div class=\"elementor-widget-wrap elementor-element-populated\">\n\t\t\t\t\t\t<div class=\"elementor-element elementor-element-44c2fa88 elementor-grid-1 elementor-posts--thumbnail-left elementor-posts--align-left elementor-grid-tablet-1 elementor-grid-mobile-1 elementor-widget elementor-widget-posts\" data-id=\"44c2fa88\" data-element_type=\"widget\" data-settings=\"{&quot;classic_columns&quot;:&quot;1&quot;,&quot;classic_row_gap&quot;:{&quot;unit&quot;:&quot;px&quot;,&quot;size&quot;:&quot;50&quot;,&quot;sizes&quot;:[]},&quot;classic_columns_tablet&quot;:&quot;1&quot;,&quot;classic_columns_mobile&quot;:&quot;1&quot;,&quot;classic_row_gap_tablet&quot;:{&quot;unit&quot;:&quot;px&quot;,&quot;size&quot;:&quot;&quot;,&quot;sizes&quot;:[]},&quot;classic_row_gap_mobile&quot;:{&quot;unit&quot;:&quot;px&quot;,&quot;size&quot;:&quot;&quot;,&quot;sizes&quot;:[]}}\" data-widget_type=\"posts.classic\">\n\t\t\t\t<div class=\"elementor-widget-container\">\n\t\t\t\t\t\t\t<div class=\"elementor-posts-container elementor-posts elementor-posts--skin-classic elementor-grid\">\n\t\t\t\t<article class=\"elementor-post elementor-grid-item post-95342 post type-post status-publish format-standard has-post-thumbnail hentry category-local\">\n\t\t\t\t<a class=\"elementor-post__thumbnail__link\" href=\"https:\/\/blogdoeloiltoncajuhy.com.br\/site\/homem-morre-apos-passar-mal-no-centro-de-bonfim\/\" tabindex=\"-1\" >\n\t\t\t<div class=\"elementor-post__thumbnail\"><img fetchpriority=\"high\" decoding=\"async\" width=\"493\" height=\"553\" src=\"https:\/\/i0.wp.com\/blogdoeloiltoncajuhy.com.br\/site\/wp-content\/uploads\/2026\/05\/Praca-Dr.-Jose-Goncalves-Google-Maps.png?fit=493%2C553&amp;ssl=1\" class=\"attachment-full size-full wp-image-95343\" alt=\"\" srcset=\"https:\/\/i0.wp.com\/blogdoeloiltoncajuhy.com.br\/site\/wp-content\/uploads\/2026\/05\/Praca-Dr.-Jose-Goncalves-Google-Maps.png?w=493&amp;ssl=1 493w, https:\/\/i0.wp.com\/blogdoeloiltoncajuhy.com.br\/site\/wp-content\/uploads\/2026\/05\/Praca-Dr.-Jose-Goncalves-Google-Maps.png?resize=267%2C300&amp;ssl=1 267w\" sizes=\"(max-width: 493px) 100vw, 493px\" \/><\/div>\n\t\t<\/a>\n\t\t\t\t<div class=\"elementor-post__text\">\n\t\t\t\t<h3 class=\"elementor-post__title\">\n\t\t\t<a href=\"https:\/\/blogdoeloiltoncajuhy.com.br\/site\/homem-morre-apos-passar-mal-no-centro-de-bonfim\/\" >\n\t\t\t\tHomem morre ap\u00f3s passar mal no Centro de Bonfim\t\t\t<\/a>\n\t\t<\/h3>\n\t\t\t\t<div class=\"elementor-post__meta-data\">\n\t\t\t\t\t<span class=\"elementor-post-date\">\n\t\t\t2 de maio de 2026\t\t<\/span>\n\t\t\t\t<span class=\"elementor-post-time\">\n\t\t\t13:26\t\t<\/span>\n\t\t\t\t<\/div>\n\t\t\t\t<div class=\"elementor-post__excerpt\">\n\t\t\t<p>Caso aconteceu na manh\u00e3 deste s\u00e1bado (02) Blog do Eloilton Cajuhy \u2013 BEC >> Siga o canal do BEC no WhatsApp Um homem morreu na<\/p>\n\t\t<\/div>\n\t\t\t\t<\/div>\n\t\t\t\t<\/article>\n\t\t\t\t<article class=\"elementor-post elementor-grid-item post-95337 post type-post status-publish format-standard has-post-thumbnail hentry category-local\">\n\t\t\t\t<a class=\"elementor-post__thumbnail__link\" href=\"https:\/\/blogdoeloiltoncajuhy.com.br\/site\/com-auxilio-de-ia-jovem-produz-video-criativo-com-vereadores-de-bonfim\/\" tabindex=\"-1\" >\n\t\t\t<div class=\"elementor-post__thumbnail\"><img decoding=\"async\" width=\"451\" height=\"557\" src=\"https:\/\/i0.wp.com\/blogdoeloiltoncajuhy.com.br\/site\/wp-content\/uploads\/2026\/05\/Catatau-e-Sarah.jpg?fit=451%2C557&amp;ssl=1\" class=\"attachment-full size-full wp-image-95338\" alt=\"\" srcset=\"https:\/\/i0.wp.com\/blogdoeloiltoncajuhy.com.br\/site\/wp-content\/uploads\/2026\/05\/Catatau-e-Sarah.jpg?w=451&amp;ssl=1 451w, https:\/\/i0.wp.com\/blogdoeloiltoncajuhy.com.br\/site\/wp-content\/uploads\/2026\/05\/Catatau-e-Sarah.jpg?resize=243%2C300&amp;ssl=1 243w\" sizes=\"(max-width: 451px) 100vw, 451px\" \/><\/div>\n\t\t<\/a>\n\t\t\t\t<div class=\"elementor-post__text\">\n\t\t\t\t<h3 class=\"elementor-post__title\">\n\t\t\t<a href=\"https:\/\/blogdoeloiltoncajuhy.com.br\/site\/com-auxilio-de-ia-jovem-produz-video-criativo-com-vereadores-de-bonfim\/\" >\n\t\t\t\tCom aux\u00edlio de IA, jovem produz v\u00eddeo criativo com vereadores de Bonfim\t\t\t<\/a>\n\t\t<\/h3>\n\t\t\t\t<div class=\"elementor-post__meta-data\">\n\t\t\t\t\t<span class=\"elementor-post-date\">\n\t\t\t2 de maio de 2026\t\t<\/span>\n\t\t\t\t<span class=\"elementor-post-time\">\n\t\t\t12:28\t\t<\/span>\n\t\t\t\t<\/div>\n\t\t\t\t<div class=\"elementor-post__excerpt\">\n\t\t\t<p>Postado na p\u00e1gina Bonfim Hoje no Instagram, o v\u00eddeo vem ganhando boa repercuss\u00e3o Blog do Eloilton Cajuhy \u2013 BEC >> Siga o canal do BEC<\/p>\n\t\t<\/div>\n\t\t\t\t<\/div>\n\t\t\t\t<\/article>\n\t\t\t\t<article class=\"elementor-post elementor-grid-item post-95334 post type-post status-publish format-standard has-post-thumbnail hentry category-politica\">\n\t\t\t\t<a class=\"elementor-post__thumbnail__link\" href=\"https:\/\/blogdoeloiltoncajuhy.com.br\/site\/pt-lanca-campanha-primeiro-de-maio-primeiro-voce-pelo-fim-das-escalas-exaustivas-e-pelos-direitos-do-trabalhador\/\" tabindex=\"-1\" >\n\t\t\t<div class=\"elementor-post__thumbnail\"><img decoding=\"async\" width=\"564\" height=\"356\" src=\"https:\/\/i0.wp.com\/blogdoeloiltoncajuhy.com.br\/site\/wp-content\/uploads\/2026\/05\/PT-Bahia-020526.jpeg?fit=564%2C356&amp;ssl=1\" class=\"attachment-full size-full wp-image-95335\" alt=\"\" srcset=\"https:\/\/i0.wp.com\/blogdoeloiltoncajuhy.com.br\/site\/wp-content\/uploads\/2026\/05\/PT-Bahia-020526.jpeg?w=564&amp;ssl=1 564w, https:\/\/i0.wp.com\/blogdoeloiltoncajuhy.com.br\/site\/wp-content\/uploads\/2026\/05\/PT-Bahia-020526.jpeg?resize=300%2C189&amp;ssl=1 300w\" sizes=\"(max-width: 564px) 100vw, 564px\" \/><\/div>\n\t\t<\/a>\n\t\t\t\t<div class=\"elementor-post__text\">\n\t\t\t\t<h3 class=\"elementor-post__title\">\n\t\t\t<a href=\"https:\/\/blogdoeloiltoncajuhy.com.br\/site\/pt-lanca-campanha-primeiro-de-maio-primeiro-voce-pelo-fim-das-escalas-exaustivas-e-pelos-direitos-do-trabalhador\/\" >\n\t\t\t\tPT lan\u00e7a campanha \u201cPrimeiro de Maio, Primeiro Voc\u00ea\u201d pelo fim das escalas exaustivas e pelos direitos do trabalhador\t\t\t<\/a>\n\t\t<\/h3>\n\t\t\t\t<div class=\"elementor-post__meta-data\">\n\t\t\t\t\t<span class=\"elementor-post-date\">\n\t\t\t2 de maio de 2026\t\t<\/span>\n\t\t\t\t<span class=\"elementor-post-time\">\n\t\t\t11:54\t\t<\/span>\n\t\t\t\t<\/div>\n\t\t\t\t<div class=\"elementor-post__excerpt\">\n\t\t\t<p>Blog do Eloilton Cajuhy \u2013 BEC >> Siga o canal do BEC no WhatsApp A Secretaria Nacional de Comunica\u00e7\u00e3o do PT lan\u00e7ou, nesta sexta-feira (1\u00ba),<\/p>\n\t\t<\/div>\n\t\t\t\t<\/div>\n\t\t\t\t<\/article>\n\t\t\t\t<article class=\"elementor-post elementor-grid-item post-95330 post type-post status-publish format-standard has-post-thumbnail hentry category-local\">\n\t\t\t\t<a class=\"elementor-post__thumbnail__link\" href=\"https:\/\/blogdoeloiltoncajuhy.com.br\/site\/luto-morre-flavinho-figura-carismatica-e-conhecida-de-senhor-do-bonfim-aos-99-anos\/\" tabindex=\"-1\" >\n\t\t\t<div class=\"elementor-post__thumbnail\"><img loading=\"lazy\" decoding=\"async\" width=\"483\" height=\"434\" src=\"https:\/\/i0.wp.com\/blogdoeloiltoncajuhy.com.br\/site\/wp-content\/uploads\/2026\/05\/Flavinho-Foto-Minha-Cidade.jpeg?fit=483%2C434&amp;ssl=1\" class=\"attachment-full size-full wp-image-95331\" alt=\"\" srcset=\"https:\/\/i0.wp.com\/blogdoeloiltoncajuhy.com.br\/site\/wp-content\/uploads\/2026\/05\/Flavinho-Foto-Minha-Cidade.jpeg?w=483&amp;ssl=1 483w, https:\/\/i0.wp.com\/blogdoeloiltoncajuhy.com.br\/site\/wp-content\/uploads\/2026\/05\/Flavinho-Foto-Minha-Cidade.jpeg?resize=300%2C270&amp;ssl=1 300w\" sizes=\"(max-width: 483px) 100vw, 483px\" \/><\/div>\n\t\t<\/a>\n\t\t\t\t<div class=\"elementor-post__text\">\n\t\t\t\t<h3 class=\"elementor-post__title\">\n\t\t\t<a href=\"https:\/\/blogdoeloiltoncajuhy.com.br\/site\/luto-morre-flavinho-figura-carismatica-e-conhecida-de-senhor-do-bonfim-aos-99-anos\/\" >\n\t\t\t\tLuto: Morre Flavinho, figura carism\u00e1tica e conhecida de Senhor do Bonfim, aos 99 anos\t\t\t<\/a>\n\t\t<\/h3>\n\t\t\t\t<div class=\"elementor-post__meta-data\">\n\t\t\t\t\t<span class=\"elementor-post-date\">\n\t\t\t2 de maio de 2026\t\t<\/span>\n\t\t\t\t<span class=\"elementor-post-time\">\n\t\t\t10:50\t\t<\/span>\n\t\t\t\t<\/div>\n\t\t\t\t<div class=\"elementor-post__excerpt\">\n\t\t\t<p>Fl\u00e1vio Viana Barbosa marcou uma trajet\u00f3ria de luta no servi\u00e7o p\u00fablico em Bonfim Por Blog do Eloilton Cajuhy \u2013 BEC >> Siga o canal do<\/p>\n\t\t<\/div>\n\t\t\t\t<\/div>\n\t\t\t\t<\/article>\n\t\t\t\t<article class=\"elementor-post elementor-grid-item post-95322 post type-post status-publish format-standard has-post-thumbnail hentry category-economia\">\n\t\t\t\t<a class=\"elementor-post__thumbnail__link\" href=\"https:\/\/blogdoeloiltoncajuhy.com.br\/site\/brasil-registra-em-marco-a-menor-taxa-de-desocupacao-da-historia-para-o-primeiro-trimestre\/\" tabindex=\"-1\" >\n\t\t\t<div class=\"elementor-post__thumbnail\"><img loading=\"lazy\" decoding=\"async\" width=\"768\" height=\"512\" src=\"https:\/\/i0.wp.com\/blogdoeloiltoncajuhy.com.br\/site\/wp-content\/uploads\/2026\/04\/Desemprego-trabalho-Foto-Getty-Images.jpg?fit=768%2C512&amp;ssl=1\" class=\"attachment-full size-full wp-image-95323\" alt=\"\" srcset=\"https:\/\/i0.wp.com\/blogdoeloiltoncajuhy.com.br\/site\/wp-content\/uploads\/2026\/04\/Desemprego-trabalho-Foto-Getty-Images.jpg?w=768&amp;ssl=1 768w, https:\/\/i0.wp.com\/blogdoeloiltoncajuhy.com.br\/site\/wp-content\/uploads\/2026\/04\/Desemprego-trabalho-Foto-Getty-Images.jpg?resize=300%2C200&amp;ssl=1 300w\" sizes=\"(max-width: 768px) 100vw, 768px\" \/><\/div>\n\t\t<\/a>\n\t\t\t\t<div class=\"elementor-post__text\">\n\t\t\t\t<h3 class=\"elementor-post__title\">\n\t\t\t<a href=\"https:\/\/blogdoeloiltoncajuhy.com.br\/site\/brasil-registra-em-marco-a-menor-taxa-de-desocupacao-da-historia-para-o-primeiro-trimestre\/\" >\n\t\t\t\tBrasil registra em mar\u00e7o a menor taxa de desocupa\u00e7\u00e3o da hist\u00f3ria para o primeiro trimestre\t\t\t<\/a>\n\t\t<\/h3>\n\t\t\t\t<div class=\"elementor-post__meta-data\">\n\t\t\t\t\t<span class=\"elementor-post-date\">\n\t\t\t1 de maio de 2026\t\t<\/span>\n\t\t\t\t<span class=\"elementor-post-time\">\n\t\t\t00:51\t\t<\/span>\n\t\t\t\t<\/div>\n\t\t\t\t<div class=\"elementor-post__excerpt\">\n\t\t\t<p>Divulgado nesta quinta-feira (30) pelo IBGE, \u00edndice ficou em 6,1%, o menor para o per\u00edodo j\u00e1 registrado na Pesquisa Nacional por Amostra de Domic\u00edlios (Pnad)<\/p>\n\t\t<\/div>\n\t\t\t\t<\/div>\n\t\t\t\t<\/article>\n\t\t\t\t<\/div>\n\t\t\n\t\t\t\t\t\t<\/div>\n\t\t\t\t<\/div>\n\t\t\t\t<div class=\"elementor-element elementor-element-991e85c elementor-widget elementor-widget-shortcode\" data-id=\"991e85c\" data-element_type=\"widget\" data-widget_type=\"shortcode.default\">\n\t\t\t\t<div class=\"elementor-widget-container\">\n\t\t\t\t\t\t\t<div class=\"elementor-shortcode\"><div class=\"blogd-topo blogd-entity-placement\" id=\"blogd-3331772887\"><div id=\"blogd-3012836536\"><a href=\"https:\/\/www.ba.gov.br\/comunicacao\/noticias\/2026-04\/380729\/governo-da-bahia-promove-diversidade-literaria-na-bienal-do-livro-2026\" target=\"_blank\" aria-label=\"BNI-Abril 2026-2\"><img decoding=\"async\" src=\"https:\/\/i0.wp.com\/blogdoeloiltoncajuhy.com.br\/site\/wp-content\/uploads\/2026\/04\/BNI-Abril-2026-2.gif?fit=728%2C90&#038;ssl=1\" alt=\"\"  class=\"no-lazyload\" width=\"928\"   \/><\/a><\/div><\/div><\/div>\n\t\t\t\t\t\t<\/div>\n\t\t\t\t<\/div>\n\t\t\t\t<div class=\"elementor-element elementor-element-d000beb elementor-widget elementor-widget-shortcode\" data-id=\"d000beb\" data-element_type=\"widget\" data-widget_type=\"shortcode.default\">\n\t\t\t\t<div class=\"elementor-widget-container\">\n\t\t\t\t\t\t\t<div class=\"elementor-shortcode\"><\/div>\n\t\t\t\t\t\t<\/div>\n\t\t\t\t<\/div>\n\t\t\t\t<div class=\"elementor-element elementor-element-7e622007 elementor-grid-1 elementor-posts--thumbnail-left elementor-posts--align-left elementor-grid-tablet-1 elementor-grid-mobile-1 elementor-widget elementor-widget-posts\" data-id=\"7e622007\" data-element_type=\"widget\" data-settings=\"{&quot;classic_columns&quot;:&quot;1&quot;,&quot;classic_row_gap&quot;:{&quot;unit&quot;:&quot;px&quot;,&quot;size&quot;:&quot;50&quot;,&quot;sizes&quot;:[]},&quot;classic_columns_tablet&quot;:&quot;1&quot;,&quot;classic_columns_mobile&quot;:&quot;1&quot;,&quot;classic_row_gap_tablet&quot;:{&quot;unit&quot;:&quot;px&quot;,&quot;size&quot;:&quot;&quot;,&quot;sizes&quot;:[]},&quot;classic_row_gap_mobile&quot;:{&quot;unit&quot;:&quot;px&quot;,&quot;size&quot;:&quot;&quot;,&quot;sizes&quot;:[]}}\" data-widget_type=\"posts.classic\">\n\t\t\t\t<div class=\"elementor-widget-container\">\n\t\t\t\t\t\t\t<div class=\"elementor-posts-container elementor-posts elementor-posts--skin-classic elementor-grid\">\n\t\t\t\t<article class=\"elementor-post elementor-grid-item post-95319 post type-post status-publish format-standard has-post-thumbnail hentry category-saude\">\n\t\t\t\t<a class=\"elementor-post__thumbnail__link\" href=\"https:\/\/blogdoeloiltoncajuhy.com.br\/site\/maio-azul-cancer-de-ovario-avanca-de-forma-silenciosa-e-exige-diagnostico-precoce\/\" tabindex=\"-1\" >\n\t\t\t<div class=\"elementor-post__thumbnail\"><img loading=\"lazy\" decoding=\"async\" width=\"800\" height=\"534\" src=\"https:\/\/i0.wp.com\/blogdoeloiltoncajuhy.com.br\/site\/wp-content\/uploads\/2026\/04\/Ovario-saude-da-mulher-Foto-Freepik.jpg?fit=800%2C534&amp;ssl=1\" class=\"attachment-full size-full wp-image-95320\" alt=\"\" srcset=\"https:\/\/i0.wp.com\/blogdoeloiltoncajuhy.com.br\/site\/wp-content\/uploads\/2026\/04\/Ovario-saude-da-mulher-Foto-Freepik.jpg?w=800&amp;ssl=1 800w, https:\/\/i0.wp.com\/blogdoeloiltoncajuhy.com.br\/site\/wp-content\/uploads\/2026\/04\/Ovario-saude-da-mulher-Foto-Freepik.jpg?resize=300%2C200&amp;ssl=1 300w, https:\/\/i0.wp.com\/blogdoeloiltoncajuhy.com.br\/site\/wp-content\/uploads\/2026\/04\/Ovario-saude-da-mulher-Foto-Freepik.jpg?resize=768%2C513&amp;ssl=1 768w\" sizes=\"(max-width: 800px) 100vw, 800px\" \/><\/div>\n\t\t<\/a>\n\t\t\t\t<div class=\"elementor-post__text\">\n\t\t\t\t<h3 class=\"elementor-post__title\">\n\t\t\t<a href=\"https:\/\/blogdoeloiltoncajuhy.com.br\/site\/maio-azul-cancer-de-ovario-avanca-de-forma-silenciosa-e-exige-diagnostico-precoce\/\" >\n\t\t\t\tMaio Azul: c\u00e2ncer de ov\u00e1rio avan\u00e7a de forma silenciosa e exige diagn\u00f3stico precoce\t\t\t<\/a>\n\t\t<\/h3>\n\t\t\t\t<div class=\"elementor-post__meta-data\">\n\t\t\t\t\t<span class=\"elementor-post-date\">\n\t\t\t1 de maio de 2026\t\t<\/span>\n\t\t\t\t<span class=\"elementor-post-time\">\n\t\t\t00:43\t\t<\/span>\n\t\t\t\t<\/div>\n\t\t\t\t<div class=\"elementor-post__excerpt\">\n\t\t\t<p>Especialista detalha causas, principais tipos e como identificar precocemente Blog do Eloilton Cajuhy \u2013 BEC >> Siga o canal do BEC no WhatsApp Considerado o<\/p>\n\t\t<\/div>\n\t\t\t\t<\/div>\n\t\t\t\t<\/article>\n\t\t\t\t<article class=\"elementor-post elementor-grid-item post-95316 post type-post status-publish format-standard has-post-thumbnail hentry category-saude\">\n\t\t\t\t<a class=\"elementor-post__thumbnail__link\" href=\"https:\/\/blogdoeloiltoncajuhy.com.br\/site\/com-custo-de-quase-r-1-bilhao-ao-inss-em-2025-adoecimento-mental-no-trabalho-forca-novas-regras-para-empresas\/\" tabindex=\"-1\" >\n\t\t\t<div class=\"elementor-post__thumbnail\"><img loading=\"lazy\" decoding=\"async\" width=\"800\" height=\"533\" src=\"https:\/\/i0.wp.com\/blogdoeloiltoncajuhy.com.br\/site\/wp-content\/uploads\/2026\/04\/Trabalhador-trabalho-300426-Freepik.jpg?fit=800%2C533&amp;ssl=1\" class=\"attachment-full size-full wp-image-95317\" alt=\"\" srcset=\"https:\/\/i0.wp.com\/blogdoeloiltoncajuhy.com.br\/site\/wp-content\/uploads\/2026\/04\/Trabalhador-trabalho-300426-Freepik.jpg?w=800&amp;ssl=1 800w, https:\/\/i0.wp.com\/blogdoeloiltoncajuhy.com.br\/site\/wp-content\/uploads\/2026\/04\/Trabalhador-trabalho-300426-Freepik.jpg?resize=300%2C200&amp;ssl=1 300w, https:\/\/i0.wp.com\/blogdoeloiltoncajuhy.com.br\/site\/wp-content\/uploads\/2026\/04\/Trabalhador-trabalho-300426-Freepik.jpg?resize=768%2C512&amp;ssl=1 768w\" sizes=\"(max-width: 800px) 100vw, 800px\" \/><\/div>\n\t\t<\/a>\n\t\t\t\t<div class=\"elementor-post__text\">\n\t\t\t\t<h3 class=\"elementor-post__title\">\n\t\t\t<a href=\"https:\/\/blogdoeloiltoncajuhy.com.br\/site\/com-custo-de-quase-r-1-bilhao-ao-inss-em-2025-adoecimento-mental-no-trabalho-forca-novas-regras-para-empresas\/\" >\n\t\t\t\tCom custo de quase R$ 1 bilh\u00e3o ao INSS em 2025, adoecimento mental no trabalho for\u00e7a novas regras para empresas\t\t\t<\/a>\n\t\t<\/h3>\n\t\t\t\t<div class=\"elementor-post__meta-data\">\n\t\t\t\t\t<span class=\"elementor-post-date\">\n\t\t\t1 de maio de 2026\t\t<\/span>\n\t\t\t\t<span class=\"elementor-post-time\">\n\t\t\t00:33\t\t<\/span>\n\t\t\t\t<\/div>\n\t\t\t\t<div class=\"elementor-post__excerpt\">\n\t\t\t<p>A partir de 26 de maio, mapear gatilhos emocionais nas equipes passa a ser obriga\u00e7\u00e3o legal prevista na atualiza\u00e7\u00e3o da NR-1 Blog do Eloilton Cajuhy<\/p>\n\t\t<\/div>\n\t\t\t\t<\/div>\n\t\t\t\t<\/article>\n\t\t\t\t<article class=\"elementor-post elementor-grid-item post-95313 post type-post status-publish format-standard has-post-thumbnail hentry category-reflexao\">\n\t\t\t\t<a class=\"elementor-post__thumbnail__link\" href=\"https:\/\/blogdoeloiltoncajuhy.com.br\/site\/confiar-mesmo-sem-entender\/\" tabindex=\"-1\" >\n\t\t\t<div class=\"elementor-post__thumbnail\"><img loading=\"lazy\" decoding=\"async\" width=\"640\" height=\"427\" src=\"https:\/\/i0.wp.com\/blogdoeloiltoncajuhy.com.br\/site\/wp-content\/uploads\/2026\/04\/Pexels-Chuchuphinh-300426.jpg?fit=640%2C427&amp;ssl=1\" class=\"attachment-full size-full wp-image-95314\" alt=\"\" srcset=\"https:\/\/i0.wp.com\/blogdoeloiltoncajuhy.com.br\/site\/wp-content\/uploads\/2026\/04\/Pexels-Chuchuphinh-300426.jpg?w=640&amp;ssl=1 640w, https:\/\/i0.wp.com\/blogdoeloiltoncajuhy.com.br\/site\/wp-content\/uploads\/2026\/04\/Pexels-Chuchuphinh-300426.jpg?resize=300%2C200&amp;ssl=1 300w\" sizes=\"(max-width: 640px) 100vw, 640px\" \/><\/div>\n\t\t<\/a>\n\t\t\t\t<div class=\"elementor-post__text\">\n\t\t\t\t<h3 class=\"elementor-post__title\">\n\t\t\t<a href=\"https:\/\/blogdoeloiltoncajuhy.com.br\/site\/confiar-mesmo-sem-entender\/\" >\n\t\t\t\tConfiar mesmo sem entender\t\t\t<\/a>\n\t\t<\/h3>\n\t\t\t\t<div class=\"elementor-post__meta-data\">\n\t\t\t\t\t<span class=\"elementor-post-date\">\n\t\t\t30 de abril de 2026\t\t<\/span>\n\t\t\t\t<span class=\"elementor-post-time\">\n\t\t\t19:26\t\t<\/span>\n\t\t\t\t<\/div>\n\t\t\t\t<div class=\"elementor-post__excerpt\">\n\t\t\t<p>Quando a vis\u00e3o \u00e9 limitada, a f\u00e9 nos lembra que Deus v\u00ea o todo Por Blog do Eloilton Cajuhy \u2013 BEC >> Siga o canal<\/p>\n\t\t<\/div>\n\t\t\t\t<\/div>\n\t\t\t\t<\/article>\n\t\t\t\t<article class=\"elementor-post elementor-grid-item post-95310 post type-post status-publish format-standard has-post-thumbnail hentry category-cotidiano\">\n\t\t\t\t<a class=\"elementor-post__thumbnail__link\" href=\"https:\/\/blogdoeloiltoncajuhy.com.br\/site\/bahia-ultrapassa-18-mil-casos-de-violacao-contra-a-pessoa-idosa-em-2026\/\" tabindex=\"-1\" >\n\t\t\t<div class=\"elementor-post__thumbnail\"><img loading=\"lazy\" decoding=\"async\" width=\"567\" height=\"304\" src=\"https:\/\/i0.wp.com\/blogdoeloiltoncajuhy.com.br\/site\/wp-content\/uploads\/2026\/04\/Violencia-contra-idosos.png?fit=567%2C304&amp;ssl=1\" class=\"attachment-full size-full wp-image-95311\" alt=\"\" srcset=\"https:\/\/i0.wp.com\/blogdoeloiltoncajuhy.com.br\/site\/wp-content\/uploads\/2026\/04\/Violencia-contra-idosos.png?w=567&amp;ssl=1 567w, https:\/\/i0.wp.com\/blogdoeloiltoncajuhy.com.br\/site\/wp-content\/uploads\/2026\/04\/Violencia-contra-idosos.png?resize=300%2C161&amp;ssl=1 300w\" sizes=\"(max-width: 567px) 100vw, 567px\" \/><\/div>\n\t\t<\/a>\n\t\t\t\t<div class=\"elementor-post__text\">\n\t\t\t\t<h3 class=\"elementor-post__title\">\n\t\t\t<a href=\"https:\/\/blogdoeloiltoncajuhy.com.br\/site\/bahia-ultrapassa-18-mil-casos-de-violacao-contra-a-pessoa-idosa-em-2026\/\" >\n\t\t\t\tBahia ultrapassa 18 mil casos de viola\u00e7\u00e3o contra a pessoa idosa em 2026\t\t\t<\/a>\n\t\t<\/h3>\n\t\t\t\t<div class=\"elementor-post__meta-data\">\n\t\t\t\t\t<span class=\"elementor-post-date\">\n\t\t\t30 de abril de 2026\t\t<\/span>\n\t\t\t\t<span class=\"elementor-post-time\">\n\t\t\t16:07\t\t<\/span>\n\t\t\t\t<\/div>\n\t\t\t\t<div class=\"elementor-post__excerpt\">\n\t\t\t<p>Especialista avalia a import\u00e2ncia da den\u00fancia a fim de conscientizar a sociedade sobre o problema Blog do Eloilton Cajuhy \u2013 BEC >> Siga o canal<\/p>\n\t\t<\/div>\n\t\t\t\t<\/div>\n\t\t\t\t<\/article>\n\t\t\t\t<article class=\"elementor-post elementor-grid-item post-95307 post type-post status-publish format-standard has-post-thumbnail hentry category-politica\">\n\t\t\t\t<a class=\"elementor-post__thumbnail__link\" href=\"https:\/\/blogdoeloiltoncajuhy.com.br\/site\/o-que-fizemos-de-2006-para-ca-foi-provar-que-o-estado-pode-ser-de-todos-afirma-wagner-em-apresentacao-do-programa-de-governo-de-jeronimo\/\" tabindex=\"-1\" >\n\t\t\t<div class=\"elementor-post__thumbnail\"><img loading=\"lazy\" decoding=\"async\" width=\"597\" height=\"412\" src=\"https:\/\/i0.wp.com\/blogdoeloiltoncajuhy.com.br\/site\/wp-content\/uploads\/2026\/04\/Wagner-Jeronimo-e-Rui-2026-04-30.jpeg?fit=597%2C412&amp;ssl=1\" class=\"attachment-full size-full wp-image-95308\" alt=\"\" srcset=\"https:\/\/i0.wp.com\/blogdoeloiltoncajuhy.com.br\/site\/wp-content\/uploads\/2026\/04\/Wagner-Jeronimo-e-Rui-2026-04-30.jpeg?w=597&amp;ssl=1 597w, https:\/\/i0.wp.com\/blogdoeloiltoncajuhy.com.br\/site\/wp-content\/uploads\/2026\/04\/Wagner-Jeronimo-e-Rui-2026-04-30.jpeg?resize=300%2C207&amp;ssl=1 300w\" sizes=\"(max-width: 597px) 100vw, 597px\" \/><\/div>\n\t\t<\/a>\n\t\t\t\t<div class=\"elementor-post__text\">\n\t\t\t\t<h3 class=\"elementor-post__title\">\n\t\t\t<a href=\"https:\/\/blogdoeloiltoncajuhy.com.br\/site\/o-que-fizemos-de-2006-para-ca-foi-provar-que-o-estado-pode-ser-de-todos-afirma-wagner-em-apresentacao-do-programa-de-governo-de-jeronimo\/\" >\n\t\t\t\t\u201cO que fizemos de 2006 para c\u00e1 foi provar que o estado pode ser de todos&#8221;, afirma Wagner em apresenta\u00e7\u00e3o do Programa de Governo de Jer\u00f4nimo\t\t\t<\/a>\n\t\t<\/h3>\n\t\t\t\t<div class=\"elementor-post__meta-data\">\n\t\t\t\t\t<span class=\"elementor-post-date\">\n\t\t\t30 de abril de 2026\t\t<\/span>\n\t\t\t\t<span class=\"elementor-post-time\">\n\t\t\t15:41\t\t<\/span>\n\t\t\t\t<\/div>\n\t\t\t\t<div class=\"elementor-post__excerpt\">\n\t\t\t<p>Blog do Eloilton Cajuhy \u2013 BEC >> Siga o canal do BEC no WhatsApp O senador, l\u00edder do Governo Lula no Senado Federal e pr\u00e9-candidato<\/p>\n\t\t<\/div>\n\t\t\t\t<\/div>\n\t\t\t\t<\/article>\n\t\t\t\t<\/div>\n\t\t\n\t\t\t\t\t\t<\/div>\n\t\t\t\t<\/div>\n\t\t\t\t\t<\/div>\n\t\t<\/div>\n\t\t\t\t<div class=\"elementor-column elementor-col-33 elementor-top-column elementor-element elementor-element-38e09705 elementor-hidden-tablet elementor-hidden-phone\" data-id=\"38e09705\" data-element_type=\"column\">\n\t\t\t<div class=\"elementor-widget-wrap elementor-element-populated\">\n\t\t\t\t\t\t<div class=\"elementor-element elementor-element-2f06b88 elementor-shape-rounded elementor-grid-0 e-grid-align-center elementor-widget elementor-widget-social-icons\" data-id=\"2f06b88\" data-element_type=\"widget\" data-widget_type=\"social-icons.default\">\n\t\t\t\t<div class=\"elementor-widget-container\">\n\t\t\t\t\t\t\t<div class=\"elementor-social-icons-wrapper elementor-grid\">\n\t\t\t\t\t\t\t<span class=\"elementor-grid-item\">\n\t\t\t\t\t<a class=\"elementor-icon elementor-social-icon elementor-social-icon-facebook elementor-repeater-item-5030431\" href=\"https:\/\/www.facebook.com\/EloiltonCajuhy\" target=\"_blank\">\n\t\t\t\t\t\t<span class=\"elementor-screen-only\">Facebook<\/span>\n\t\t\t\t\t\t<i class=\"fab fa-facebook\"><\/i>\t\t\t\t\t<\/a>\n\t\t\t\t<\/span>\n\t\t\t\t\t\t\t<span class=\"elementor-grid-item\">\n\t\t\t\t\t<a class=\"elementor-icon elementor-social-icon elementor-social-icon-instagram elementor-repeater-item-578f845\" href=\"https:\/\/www.instagram.com\/EloiltonCajuhy\/\" target=\"_blank\">\n\t\t\t\t\t\t<span class=\"elementor-screen-only\">Instagram<\/span>\n\t\t\t\t\t\t<i class=\"fab fa-instagram\"><\/i>\t\t\t\t\t<\/a>\n\t\t\t\t<\/span>\n\t\t\t\t\t\t\t<span class=\"elementor-grid-item\">\n\t\t\t\t\t<a class=\"elementor-icon elementor-social-icon elementor-social-icon-youtube elementor-repeater-item-e2cff9c\" target=\"_blank\">\n\t\t\t\t\t\t<span class=\"elementor-screen-only\">Youtube<\/span>\n\t\t\t\t\t\t<i class=\"fab fa-youtube\"><\/i>\t\t\t\t\t<\/a>\n\t\t\t\t<\/span>\n\t\t\t\t\t<\/div>\n\t\t\t\t\t\t<\/div>\n\t\t\t\t<\/div>\n\t\t\t\t<div class=\"elementor-element elementor-element-7f8120e elementor-widget elementor-widget-shortcode\" data-id=\"7f8120e\" data-element_type=\"widget\" data-widget_type=\"shortcode.default\">\n\t\t\t\t<div class=\"elementor-widget-container\">\n\t\t\t\t\t\t\t<div class=\"elementor-shortcode\"><div class=\"blogd-lateral blogd-entity-placement\" id=\"blogd-1484962384\"><div id=\"blogd-993746021\"><img loading=\"lazy\" decoding=\"async\" src=\"https:\/\/i0.wp.com\/blogdoeloiltoncajuhy.com.br\/site\/wp-content\/uploads\/2026\/04\/Elto-IR-2026-04-08.jpg?fit=400%2C711&#038;ssl=1\" alt=\"\"  srcset=\"https:\/\/i0.wp.com\/blogdoeloiltoncajuhy.com.br\/site\/wp-content\/uploads\/2026\/04\/Elto-IR-2026-04-08.jpg?w=400&ssl=1 400w, https:\/\/i0.wp.com\/blogdoeloiltoncajuhy.com.br\/site\/wp-content\/uploads\/2026\/04\/Elto-IR-2026-04-08.jpg?resize=169%2C300&ssl=1 169w\" sizes=\"(max-width: 400px) 100vw, 400px\" class=\"no-lazyload\" width=\"400\" height=\"711\"   \/><\/div><div id=\"blogd-4143919353\"><a href=\"https:\/\/liturgia.cancaonova.com\/pb\/\" target=\"_blank\" aria-label=\"evangelho-do-dia\"><img loading=\"lazy\" decoding=\"async\" src=\"https:\/\/i0.wp.com\/blogdoeloiltoncajuhy.com.br\/site\/wp-content\/uploads\/2021\/07\/evangelho-do-dia.jpg?fit=773%2C412&#038;ssl=1\" alt=\"\"  srcset=\"https:\/\/i0.wp.com\/blogdoeloiltoncajuhy.com.br\/site\/wp-content\/uploads\/2021\/07\/evangelho-do-dia.jpg?w=773&ssl=1 773w, https:\/\/i0.wp.com\/blogdoeloiltoncajuhy.com.br\/site\/wp-content\/uploads\/2021\/07\/evangelho-do-dia.jpg?resize=300%2C160&ssl=1 300w, https:\/\/i0.wp.com\/blogdoeloiltoncajuhy.com.br\/site\/wp-content\/uploads\/2021\/07\/evangelho-do-dia.jpg?resize=768%2C409&ssl=1 768w\" sizes=\"(max-width: 773px) 100vw, 773px\" class=\"no-lazyload\" width=\"773\" height=\"412\"   \/><\/a><\/div><div id=\"blogd-4115368768\"><img loading=\"lazy\" decoding=\"async\" src=\"https:\/\/i0.wp.com\/blogdoeloiltoncajuhy.com.br\/site\/wp-content\/uploads\/2024\/04\/Banner-Rodape-Estudio.jpg?fit=400%2C400&#038;ssl=1\" alt=\"\"  srcset=\"https:\/\/i0.wp.com\/blogdoeloiltoncajuhy.com.br\/site\/wp-content\/uploads\/2024\/04\/Banner-Rodape-Estudio.jpg?w=400&ssl=1 400w, https:\/\/i0.wp.com\/blogdoeloiltoncajuhy.com.br\/site\/wp-content\/uploads\/2024\/04\/Banner-Rodape-Estudio.jpg?resize=300%2C300&ssl=1 300w, https:\/\/i0.wp.com\/blogdoeloiltoncajuhy.com.br\/site\/wp-content\/uploads\/2024\/04\/Banner-Rodape-Estudio.jpg?resize=150%2C150&ssl=1 150w\" sizes=\"(max-width: 400px) 100vw, 400px\" class=\"no-lazyload\" width=\"400\" height=\"400\"   \/><\/div><div id=\"blogd-2725236021\"><img loading=\"lazy\" decoding=\"async\" src=\"https:\/\/i0.wp.com\/blogdoeloiltoncajuhy.com.br\/site\/wp-content\/uploads\/2023\/01\/Card-Clima-de-Festa-2022-04-07.jpeg?fit=1000%2C1000&#038;ssl=1\" alt=\"\"  srcset=\"https:\/\/i0.wp.com\/blogdoeloiltoncajuhy.com.br\/site\/wp-content\/uploads\/2023\/01\/Card-Clima-de-Festa-2022-04-07.jpeg?w=1000&ssl=1 1000w, https:\/\/i0.wp.com\/blogdoeloiltoncajuhy.com.br\/site\/wp-content\/uploads\/2023\/01\/Card-Clima-de-Festa-2022-04-07.jpeg?resize=300%2C300&ssl=1 300w, https:\/\/i0.wp.com\/blogdoeloiltoncajuhy.com.br\/site\/wp-content\/uploads\/2023\/01\/Card-Clima-de-Festa-2022-04-07.jpeg?resize=150%2C150&ssl=1 150w, https:\/\/i0.wp.com\/blogdoeloiltoncajuhy.com.br\/site\/wp-content\/uploads\/2023\/01\/Card-Clima-de-Festa-2022-04-07.jpeg?resize=768%2C768&ssl=1 768w\" sizes=\"(max-width: 800px) 100vw, 800px\" class=\"no-lazyload\" width=\"400\" height=\"400\"   \/><\/div><div id=\"blogd-3683918184\"><a href=\"https:\/\/whatsapp.com\/channel\/0029VaAT7tDLI8Yfj5y9Z50Z\" target=\"_blank\" aria-label=\"Blog do Eloilton_Canal Zap_180724\"><img loading=\"lazy\" decoding=\"async\" src=\"https:\/\/i0.wp.com\/blogdoeloiltoncajuhy.com.br\/site\/wp-content\/uploads\/2024\/07\/Blog-do-Eloilton_Canal-Zap_180724.jpeg?fit=400%2C400&#038;ssl=1\" alt=\"\"  srcset=\"https:\/\/i0.wp.com\/blogdoeloiltoncajuhy.com.br\/site\/wp-content\/uploads\/2024\/07\/Blog-do-Eloilton_Canal-Zap_180724.jpeg?w=400&ssl=1 400w, https:\/\/i0.wp.com\/blogdoeloiltoncajuhy.com.br\/site\/wp-content\/uploads\/2024\/07\/Blog-do-Eloilton_Canal-Zap_180724.jpeg?resize=300%2C300&ssl=1 300w, https:\/\/i0.wp.com\/blogdoeloiltoncajuhy.com.br\/site\/wp-content\/uploads\/2024\/07\/Blog-do-Eloilton_Canal-Zap_180724.jpeg?resize=150%2C150&ssl=1 150w\" sizes=\"(max-width: 400px) 100vw, 400px\" class=\"no-lazyload\" width=\"400\" height=\"400\"   \/><\/a><\/div><\/div><\/div>\n\t\t\t\t\t\t<\/div>\n\t\t\t\t<\/div>\n\t\t\t\t<section class=\"elementor-section elementor-inner-section elementor-element elementor-element-88e62e6 elementor-section-boxed elementor-section-height-default elementor-section-height-default\" data-id=\"88e62e6\" data-element_type=\"section\" data-settings=\"{&quot;background_background&quot;:&quot;classic&quot;}\">\n\t\t\t\t\t\t<div class=\"elementor-container elementor-column-gap-default\">\n\t\t\t\t\t<div class=\"elementor-column elementor-col-100 elementor-inner-column elementor-element elementor-element-651b074\" data-id=\"651b074\" data-element_type=\"column\">\n\t\t\t<div class=\"elementor-widget-wrap elementor-element-populated\">\n\t\t\t\t\t\t<div class=\"elementor-element elementor-element-762516cc elementor-widget elementor-widget-heading\" data-id=\"762516cc\" data-element_type=\"widget\" data-widget_type=\"heading.default\">\n\t\t\t\t<div class=\"elementor-widget-container\">\n\t\t\t\t\t<h4 class=\"elementor-heading-title elementor-size-default\">Mais lidas<\/h4>\t\t\t\t<\/div>\n\t\t\t\t<\/div>\n\t\t\t\t<div class=\"elementor-element elementor-element-7a8f247 elementor-align-left elementor-widget elementor-widget-elementskit-post-list\" data-id=\"7a8f247\" data-element_type=\"widget\" data-widget_type=\"elementskit-post-list.default\">\n\t\t\t\t<div class=\"elementor-widget-container\">\n\t\t\t\t\t<div class=\"ekit-wid-con\" >\t\t<ul class=\"elementor-icon-list-items ekit-post-list-wrapper \">\n\t\t\t\t\t\t<li class=\"elementor-icon-list-item   \">\n\t\t\t\t<a href=\"https:\/\/blogdoeloiltoncajuhy.com.br\/site\/reflexao-deus-faz-forte-ao-cansado\/\" >\n\t\t\t\t\t<img loading=\"lazy\" decoding=\"async\" width=\"800\" height=\"420\" src=\"https:\/\/i0.wp.com\/blogdoeloiltoncajuhy.com.br\/site\/wp-content\/uploads\/2020\/06\/Reflex%C3%A3o-Junho-2020.png?fit=800%2C420&amp;ssl=1\" class=\"attachment-large size-large wp-post-image\" alt=\"\" \/>\t\t\t\t\t<div class=\"ekit_post_list_content_wraper\">\n\t\t\t\t\t\t\t\t\t\t\t\t\t\t\t\t\t\t<div class=\"meta-lists\">\n\t\t\t\t\t\t\t\t\t\t\t\t\t\t<span class=\"meta-date\">\n\n\t\t\t\t\t\t\t\t<i aria-hidden=\"true\" class=\"icon icon-calendar-page-empty\"><\/i>\n\t\t\t\t\t\t\t\t10 fev 2020\t\t\t\t\t\t\t<\/span>\n\t\t\t\t\t\t\t\n\t\t\t\t\t\t\t\t\t\t\t\t\t\t\t\t<span class=\"meta-category\">\n\t\t\t\t\t\t\t\t\t\n\t\t\t\t\t\t\t\t\t\t<i aria-hidden=\"true\" class=\"icon icon-folder\"><\/i>\n\t\t\t\t\t\t\t\t\tNot\u00edcias\t\t\t\t\t\t\t\t\t<\/span>\n\t\t\t\t\t\t\t\t\t\t\t\t\t\t\t<\/div>\n\t\t\t\t\t\t\n\t\t\t\t\t\t<span class=\"elementor-icon-list-text\">Reflex\u00e3o: Deus faz forte ao cansado<\/span>\n\n\t\t\t\t\t\t\t\t\t\t\t<\/div>\n\t\t\t\t<\/a>\n\t\t\t<\/li>\n\t\t\t\t\t<li class=\"elementor-icon-list-item   \">\n\t\t\t\t<a href=\"https:\/\/blogdoeloiltoncajuhy.com.br\/site\/ibama-anuncia-concurso-publiconivel-medio-com-salarios-acima-de-r-5-mil\/\" >\n\t\t\t\t\t<img loading=\"lazy\" decoding=\"async\" width=\"719\" height=\"495\" src=\"https:\/\/i0.wp.com\/blogdoeloiltoncajuhy.com.br\/site\/wp-content\/uploads\/2023\/05\/Ibama_noticias-concursos.jpg?fit=719%2C495&amp;ssl=1\" class=\"attachment-large size-large wp-post-image\" alt=\"\" srcset=\"https:\/\/i0.wp.com\/blogdoeloiltoncajuhy.com.br\/site\/wp-content\/uploads\/2023\/05\/Ibama_noticias-concursos.jpg?w=719&amp;ssl=1 719w, https:\/\/i0.wp.com\/blogdoeloiltoncajuhy.com.br\/site\/wp-content\/uploads\/2023\/05\/Ibama_noticias-concursos.jpg?resize=300%2C207&amp;ssl=1 300w\" sizes=\"(max-width: 719px) 100vw, 719px\" \/>\t\t\t\t\t<div class=\"ekit_post_list_content_wraper\">\n\t\t\t\t\t\t\t\t\t\t\t\t\t\t\t\t\t\t<div class=\"meta-lists\">\n\t\t\t\t\t\t\t\t\t\t\t\t\t\t<span class=\"meta-date\">\n\n\t\t\t\t\t\t\t\t<i aria-hidden=\"true\" class=\"icon icon-calendar-page-empty\"><\/i>\n\t\t\t\t\t\t\t\t21 maio 2023\t\t\t\t\t\t\t<\/span>\n\t\t\t\t\t\t\t\n\t\t\t\t\t\t\t\t\t\t\t\t\t\t\t\t<span class=\"meta-category\">\n\t\t\t\t\t\t\t\t\t\n\t\t\t\t\t\t\t\t\t\t<i aria-hidden=\"true\" class=\"icon icon-folder\"><\/i>\n\t\t\t\t\t\t\t\t\tEmprego, Cursos &amp; Concursos\t\t\t\t\t\t\t\t\t<\/span>\n\t\t\t\t\t\t\t\t\t\t\t\t\t\t\t<\/div>\n\t\t\t\t\t\t\n\t\t\t\t\t\t<span class=\"elementor-icon-list-text\">IBAMA anuncia Concurso P\u00fablico (N\u00edvel M\u00e9dio) com sal\u00e1rios acima de R$ 5 mil<\/span>\n\n\t\t\t\t\t\t\t\t\t\t\t<\/div>\n\t\t\t\t<\/a>\n\t\t\t<\/li>\n\t\t\t\t\t<li class=\"elementor-icon-list-item   \">\n\t\t\t\t<a href=\"https:\/\/blogdoeloiltoncajuhy.com.br\/site\/semaforo-do-toque-e-mais-uma-ferramenta-criada-para-combater-o-abuso-sexual-infantil-veja\/\" >\n\t\t\t\t\t<img loading=\"lazy\" decoding=\"async\" width=\"800\" height=\"676\" src=\"https:\/\/i0.wp.com\/blogdoeloiltoncajuhy.com.br\/site\/wp-content\/uploads\/2020\/09\/SemaforoToque.jpg?fit=800%2C676&amp;ssl=1\" class=\"attachment-large size-large wp-post-image\" alt=\"\" srcset=\"https:\/\/i0.wp.com\/blogdoeloiltoncajuhy.com.br\/site\/wp-content\/uploads\/2020\/09\/SemaforoToque.jpg?w=958&amp;ssl=1 958w, https:\/\/i0.wp.com\/blogdoeloiltoncajuhy.com.br\/site\/wp-content\/uploads\/2020\/09\/SemaforoToque.jpg?resize=300%2C253&amp;ssl=1 300w, https:\/\/i0.wp.com\/blogdoeloiltoncajuhy.com.br\/site\/wp-content\/uploads\/2020\/09\/SemaforoToque.jpg?resize=768%2C649&amp;ssl=1 768w\" sizes=\"(max-width: 800px) 100vw, 800px\" \/>\t\t\t\t\t<div class=\"ekit_post_list_content_wraper\">\n\t\t\t\t\t\t\t\t\t\t\t\t\t\t\t\t\t\t<div class=\"meta-lists\">\n\t\t\t\t\t\t\t\t\t\t\t\t\t\t<span class=\"meta-date\">\n\n\t\t\t\t\t\t\t\t<i aria-hidden=\"true\" class=\"icon icon-calendar-page-empty\"><\/i>\n\t\t\t\t\t\t\t\t08 set 2020\t\t\t\t\t\t\t<\/span>\n\t\t\t\t\t\t\t\n\t\t\t\t\t\t\t\t\t\t\t\t\t\t\t\t<span class=\"meta-category\">\n\t\t\t\t\t\t\t\t\t\n\t\t\t\t\t\t\t\t\t\t<i aria-hidden=\"true\" class=\"icon icon-folder\"><\/i>\n\t\t\t\t\t\t\t\t\tEduca\u00e7\u00e3o\t\t\t\t\t\t\t\t\t<\/span>\n\t\t\t\t\t\t\t\t\t\t\t\t\t\t\t<\/div>\n\t\t\t\t\t\t\n\t\t\t\t\t\t<span class=\"elementor-icon-list-text\">Sem\u00e1foro do Toque \u00e9 mais uma ferramenta criada para combater o abuso sexual infantil; veja<\/span>\n\n\t\t\t\t\t\t\t\t\t\t\t<\/div>\n\t\t\t\t<\/a>\n\t\t\t<\/li>\n\t\t\t\t\t<li class=\"elementor-icon-list-item   \">\n\t\t\t\t<a href=\"https:\/\/blogdoeloiltoncajuhy.com.br\/site\/professora-de-senhor-do-bonfim-esta-presa-em-brasilia-df-apos-participar-de-atos-antidemocraticos\/\" >\n\t\t\t\t\t<img loading=\"lazy\" decoding=\"async\" width=\"800\" height=\"512\" src=\"https:\/\/i0.wp.com\/blogdoeloiltoncajuhy.com.br\/site\/wp-content\/uploads\/2023\/01\/Terroristas-bolsonaristas-sobem-rampa-do-Congresso-Nacional-em-8-de-janeiro-de-2023-%E2%80%94-Foto-Getty-Images-via-BBC.webp?fit=800%2C512&amp;ssl=1\" class=\"attachment-large size-large wp-post-image\" alt=\"\" \/>\t\t\t\t\t<div class=\"ekit_post_list_content_wraper\">\n\t\t\t\t\t\t\t\t\t\t\t\t\t\t\t\t\t\t<div class=\"meta-lists\">\n\t\t\t\t\t\t\t\t\t\t\t\t\t\t<span class=\"meta-date\">\n\n\t\t\t\t\t\t\t\t<i aria-hidden=\"true\" class=\"icon icon-calendar-page-empty\"><\/i>\n\t\t\t\t\t\t\t\t17 jan 2023\t\t\t\t\t\t\t<\/span>\n\t\t\t\t\t\t\t\n\t\t\t\t\t\t\t\t\t\t\t\t\t\t\t\t<span class=\"meta-category\">\n\t\t\t\t\t\t\t\t\t\n\t\t\t\t\t\t\t\t\t\t<i aria-hidden=\"true\" class=\"icon icon-folder\"><\/i>\n\t\t\t\t\t\t\t\t\tPol\u00edcia\t\t\t\t\t\t\t\t\t<\/span>\n\t\t\t\t\t\t\t\t\t\t\t\t\t\t\t<\/div>\n\t\t\t\t\t\t\n\t\t\t\t\t\t<span class=\"elementor-icon-list-text\">Professora de Senhor do Bonfim est\u00e1 presa em Bras\u00edlia-DF ap\u00f3s participar de atos antidemocr\u00e1ticos<\/span>\n\n\t\t\t\t\t\t\t\t\t\t\t<\/div>\n\t\t\t\t<\/a>\n\t\t\t<\/li>\n\t\t\t\t\t<li class=\"elementor-icon-list-item   \">\n\t\t\t\t<a href=\"https:\/\/blogdoeloiltoncajuhy.com.br\/site\/fundacao-bradesco-abre-inscricoes-para-mais-de-70-cursos-gratuitos\/\" >\n\t\t\t\t\t<img loading=\"lazy\" decoding=\"async\" width=\"768\" height=\"512\" src=\"https:\/\/i0.wp.com\/blogdoeloiltoncajuhy.com.br\/site\/wp-content\/uploads\/2024\/02\/Cursos_concursos_foto_Zen-Chung-Pexels.jpg?fit=768%2C512&amp;ssl=1\" class=\"attachment-large size-large wp-post-image\" alt=\"\" srcset=\"https:\/\/i0.wp.com\/blogdoeloiltoncajuhy.com.br\/site\/wp-content\/uploads\/2024\/02\/Cursos_concursos_foto_Zen-Chung-Pexels.jpg?w=768&amp;ssl=1 768w, https:\/\/i0.wp.com\/blogdoeloiltoncajuhy.com.br\/site\/wp-content\/uploads\/2024\/02\/Cursos_concursos_foto_Zen-Chung-Pexels.jpg?resize=300%2C200&amp;ssl=1 300w\" sizes=\"(max-width: 768px) 100vw, 768px\" \/>\t\t\t\t\t<div class=\"ekit_post_list_content_wraper\">\n\t\t\t\t\t\t\t\t\t\t\t\t\t\t\t\t\t\t<div class=\"meta-lists\">\n\t\t\t\t\t\t\t\t\t\t\t\t\t\t<span class=\"meta-date\">\n\n\t\t\t\t\t\t\t\t<i aria-hidden=\"true\" class=\"icon icon-calendar-page-empty\"><\/i>\n\t\t\t\t\t\t\t\t01 fev 2024\t\t\t\t\t\t\t<\/span>\n\t\t\t\t\t\t\t\n\t\t\t\t\t\t\t\t\t\t\t\t\t\t\t\t<span class=\"meta-category\">\n\t\t\t\t\t\t\t\t\t\n\t\t\t\t\t\t\t\t\t\t<i aria-hidden=\"true\" class=\"icon icon-folder\"><\/i>\n\t\t\t\t\t\t\t\t\tEmprego, Cursos &amp; Concursos\t\t\t\t\t\t\t\t\t<\/span>\n\t\t\t\t\t\t\t\t\t\t\t\t\t\t\t<\/div>\n\t\t\t\t\t\t\n\t\t\t\t\t\t<span class=\"elementor-icon-list-text\">Funda\u00e7\u00e3o Bradesco abre inscri\u00e7\u00f5es para mais de 70 cursos gratuitos<\/span>\n\n\t\t\t\t\t\t\t\t\t\t\t<\/div>\n\t\t\t\t<\/a>\n\t\t\t<\/li>\n\t\t\t\t\t<li class=\"elementor-icon-list-item   \">\n\t\t\t\t<a href=\"https:\/\/blogdoeloiltoncajuhy.com.br\/site\/secretaria-da-educacao-do-estado-inicia-contratacao-de-985-profissionais-para-educacao-especial\/\" >\n\t\t\t\t\t<img loading=\"lazy\" decoding=\"async\" width=\"800\" height=\"533\" src=\"https:\/\/i0.wp.com\/blogdoeloiltoncajuhy.com.br\/site\/wp-content\/uploads\/2024\/05\/GOVBA_Educacao-Especial-Foto-Claudionor-Jr-Ascom_SEC.jpeg?fit=800%2C533&amp;ssl=1\" class=\"attachment-large size-large wp-post-image\" alt=\"\" srcset=\"https:\/\/i0.wp.com\/blogdoeloiltoncajuhy.com.br\/site\/wp-content\/uploads\/2024\/05\/GOVBA_Educacao-Especial-Foto-Claudionor-Jr-Ascom_SEC.jpeg?w=900&amp;ssl=1 900w, https:\/\/i0.wp.com\/blogdoeloiltoncajuhy.com.br\/site\/wp-content\/uploads\/2024\/05\/GOVBA_Educacao-Especial-Foto-Claudionor-Jr-Ascom_SEC.jpeg?resize=300%2C200&amp;ssl=1 300w, https:\/\/i0.wp.com\/blogdoeloiltoncajuhy.com.br\/site\/wp-content\/uploads\/2024\/05\/GOVBA_Educacao-Especial-Foto-Claudionor-Jr-Ascom_SEC.jpeg?resize=768%2C512&amp;ssl=1 768w\" sizes=\"(max-width: 800px) 100vw, 800px\" \/>\t\t\t\t\t<div class=\"ekit_post_list_content_wraper\">\n\t\t\t\t\t\t\t\t\t\t\t\t\t\t\t\t\t\t<div class=\"meta-lists\">\n\t\t\t\t\t\t\t\t\t\t\t\t\t\t<span class=\"meta-date\">\n\n\t\t\t\t\t\t\t\t<i aria-hidden=\"true\" class=\"icon icon-calendar-page-empty\"><\/i>\n\t\t\t\t\t\t\t\t13 maio 2024\t\t\t\t\t\t\t<\/span>\n\t\t\t\t\t\t\t\n\t\t\t\t\t\t\t\t\t\t\t\t\t\t\t\t<span class=\"meta-category\">\n\t\t\t\t\t\t\t\t\t\n\t\t\t\t\t\t\t\t\t\t<i aria-hidden=\"true\" class=\"icon icon-folder\"><\/i>\n\t\t\t\t\t\t\t\t\tEduca\u00e7\u00e3o\t\t\t\t\t\t\t\t\t<\/span>\n\t\t\t\t\t\t\t\t\t\t\t\t\t\t\t<\/div>\n\t\t\t\t\t\t\n\t\t\t\t\t\t<span class=\"elementor-icon-list-text\">Secretaria da Educa\u00e7\u00e3o do Estado inicia contrata\u00e7\u00e3o de 985 profissionais para Educa\u00e7\u00e3o Especial<\/span>\n\n\t\t\t\t\t\t\t\t\t\t\t<\/div>\n\t\t\t\t<\/a>\n\t\t\t<\/li>\n\t\t\t\t\t<li class=\"elementor-icon-list-item   \">\n\t\t\t\t<a href=\"https:\/\/blogdoeloiltoncajuhy.com.br\/site\/luto-em-igara-morre-simony-filha-do-ex-administrador-clovis-santana\/\" >\n\t\t\t\t\t<img loading=\"lazy\" decoding=\"async\" width=\"800\" height=\"800\" src=\"https:\/\/i0.wp.com\/blogdoeloiltoncajuhy.com.br\/site\/wp-content\/uploads\/2022\/11\/Simony-Santana-03.jpg?fit=800%2C800&amp;ssl=1\" class=\"attachment-large size-large wp-post-image\" alt=\"\" srcset=\"https:\/\/i0.wp.com\/blogdoeloiltoncajuhy.com.br\/site\/wp-content\/uploads\/2022\/11\/Simony-Santana-03.jpg?w=1080&amp;ssl=1 1080w, https:\/\/i0.wp.com\/blogdoeloiltoncajuhy.com.br\/site\/wp-content\/uploads\/2022\/11\/Simony-Santana-03.jpg?resize=300%2C300&amp;ssl=1 300w, https:\/\/i0.wp.com\/blogdoeloiltoncajuhy.com.br\/site\/wp-content\/uploads\/2022\/11\/Simony-Santana-03.jpg?resize=1024%2C1024&amp;ssl=1 1024w, https:\/\/i0.wp.com\/blogdoeloiltoncajuhy.com.br\/site\/wp-content\/uploads\/2022\/11\/Simony-Santana-03.jpg?resize=150%2C150&amp;ssl=1 150w, https:\/\/i0.wp.com\/blogdoeloiltoncajuhy.com.br\/site\/wp-content\/uploads\/2022\/11\/Simony-Santana-03.jpg?resize=768%2C768&amp;ssl=1 768w\" sizes=\"(max-width: 800px) 100vw, 800px\" \/>\t\t\t\t\t<div class=\"ekit_post_list_content_wraper\">\n\t\t\t\t\t\t\t\t\t\t\t\t\t\t\t\t\t\t<div class=\"meta-lists\">\n\t\t\t\t\t\t\t\t\t\t\t\t\t\t<span class=\"meta-date\">\n\n\t\t\t\t\t\t\t\t<i aria-hidden=\"true\" class=\"icon icon-calendar-page-empty\"><\/i>\n\t\t\t\t\t\t\t\t20 nov 2022\t\t\t\t\t\t\t<\/span>\n\t\t\t\t\t\t\t\n\t\t\t\t\t\t\t\t\t\t\t\t\t\t\t\t<span class=\"meta-category\">\n\t\t\t\t\t\t\t\t\t\n\t\t\t\t\t\t\t\t\t\t<i aria-hidden=\"true\" class=\"icon icon-folder\"><\/i>\n\t\t\t\t\t\t\t\t\tSenhor do Bonfim\t\t\t\t\t\t\t\t\t<\/span>\n\t\t\t\t\t\t\t\t\t\t\t\t\t\t\t<\/div>\n\t\t\t\t\t\t\n\t\t\t\t\t\t<span class=\"elementor-icon-list-text\">Luto em Igara: Morre Simony, filha do ex-administrador Cl\u00f3vis Santana<\/span>\n\n\t\t\t\t\t\t\t\t\t\t\t<\/div>\n\t\t\t\t<\/a>\n\t\t\t<\/li>\n\t\t\t\t\t<li class=\"elementor-icon-list-item   \">\n\t\t\t\t<a href=\"https:\/\/blogdoeloiltoncajuhy.com.br\/site\/maior-projeto-de-energia-eolica-do-pais-sera-implantado-em-campo-formoso-e-jaguarari\/\" >\n\t\t\t\t\t<img loading=\"lazy\" decoding=\"async\" width=\"800\" height=\"533\" src=\"https:\/\/i0.wp.com\/blogdoeloiltoncajuhy.com.br\/site\/wp-content\/uploads\/2021\/07\/Energia-Eolica-15072021.jpeg?fit=800%2C533&amp;ssl=1\" class=\"attachment-large size-large wp-post-image\" alt=\"\" srcset=\"https:\/\/i0.wp.com\/blogdoeloiltoncajuhy.com.br\/site\/wp-content\/uploads\/2021\/07\/Energia-Eolica-15072021.jpeg?w=864&amp;ssl=1 864w, https:\/\/i0.wp.com\/blogdoeloiltoncajuhy.com.br\/site\/wp-content\/uploads\/2021\/07\/Energia-Eolica-15072021.jpeg?resize=300%2C200&amp;ssl=1 300w, https:\/\/i0.wp.com\/blogdoeloiltoncajuhy.com.br\/site\/wp-content\/uploads\/2021\/07\/Energia-Eolica-15072021.jpeg?resize=768%2C512&amp;ssl=1 768w\" sizes=\"(max-width: 800px) 100vw, 800px\" \/>\t\t\t\t\t<div class=\"ekit_post_list_content_wraper\">\n\t\t\t\t\t\t\t\t\t\t\t\t\t\t\t\t\t\t<div class=\"meta-lists\">\n\t\t\t\t\t\t\t\t\t\t\t\t\t\t<span class=\"meta-date\">\n\n\t\t\t\t\t\t\t\t<i aria-hidden=\"true\" class=\"icon icon-calendar-page-empty\"><\/i>\n\t\t\t\t\t\t\t\t22 set 2023\t\t\t\t\t\t\t<\/span>\n\t\t\t\t\t\t\t\n\t\t\t\t\t\t\t\t\t\t\t\t\t\t\t\t<span class=\"meta-category\">\n\t\t\t\t\t\t\t\t\t\n\t\t\t\t\t\t\t\t\t\t<i aria-hidden=\"true\" class=\"icon icon-folder\"><\/i>\n\t\t\t\t\t\t\t\t\tNot\u00edcias\t\t\t\t\t\t\t\t\t<\/span>\n\t\t\t\t\t\t\t\t\t\t\t\t\t\t\t<\/div>\n\t\t\t\t\t\t\n\t\t\t\t\t\t<span class=\"elementor-icon-list-text\">Maior projeto de energia e\u00f3lica do pa\u00eds ser\u00e1 implantado em Campo Formoso e Jaguarari<\/span>\n\n\t\t\t\t\t\t\t\t\t\t\t<\/div>\n\t\t\t\t<\/a>\n\t\t\t<\/li>\n\t\t\t\t\t<li class=\"elementor-icon-list-item   \">\n\t\t\t\t<a href=\"https:\/\/blogdoeloiltoncajuhy.com.br\/site\/vitima-da-covid-19-morre-raimundo-paiva-ex-diretor-do-inss-e-da-ciretran-de-senhor-do-bonfim\/\" >\n\t\t\t\t\t<img loading=\"lazy\" decoding=\"async\" width=\"649\" height=\"487\" src=\"https:\/\/i0.wp.com\/blogdoeloiltoncajuhy.com.br\/site\/wp-content\/uploads\/2021\/01\/Raimundo-Paiva1.jpg?fit=649%2C487&amp;ssl=1\" class=\"attachment-large size-large wp-post-image\" alt=\"\" srcset=\"https:\/\/i0.wp.com\/blogdoeloiltoncajuhy.com.br\/site\/wp-content\/uploads\/2021\/01\/Raimundo-Paiva1.jpg?w=649&amp;ssl=1 649w, https:\/\/i0.wp.com\/blogdoeloiltoncajuhy.com.br\/site\/wp-content\/uploads\/2021\/01\/Raimundo-Paiva1.jpg?resize=300%2C225&amp;ssl=1 300w\" sizes=\"(max-width: 649px) 100vw, 649px\" \/>\t\t\t\t\t<div class=\"ekit_post_list_content_wraper\">\n\t\t\t\t\t\t\t\t\t\t\t\t\t\t\t\t\t\t<div class=\"meta-lists\">\n\t\t\t\t\t\t\t\t\t\t\t\t\t\t<span class=\"meta-date\">\n\n\t\t\t\t\t\t\t\t<i aria-hidden=\"true\" class=\"icon icon-calendar-page-empty\"><\/i>\n\t\t\t\t\t\t\t\t09 jan 2021\t\t\t\t\t\t\t<\/span>\n\t\t\t\t\t\t\t\n\t\t\t\t\t\t\t\t\t\t\t\t\t\t\t\t<span class=\"meta-category\">\n\t\t\t\t\t\t\t\t\t\n\t\t\t\t\t\t\t\t\t\t<i aria-hidden=\"true\" class=\"icon icon-folder\"><\/i>\n\t\t\t\t\t\t\t\t\tSenhor do Bonfim\t\t\t\t\t\t\t\t\t<\/span>\n\t\t\t\t\t\t\t\t\t\t\t\t\t\t\t<\/div>\n\t\t\t\t\t\t\n\t\t\t\t\t\t<span class=\"elementor-icon-list-text\">V\u00edtima da Covid-19, morre Raimundo Paiva, ex-diretor do INSS e da Ciretran de Senhor do Bonfim<\/span>\n\n\t\t\t\t\t\t\t\t\t\t\t<\/div>\n\t\t\t\t<\/a>\n\t\t\t<\/li>\n\t\t\t\t\t<li class=\"elementor-icon-list-item   \">\n\t\t\t\t<a href=\"https:\/\/blogdoeloiltoncajuhy.com.br\/site\/esposa-de-dr-paulo-hilariao-morre-vitima-da-covid-19-em-salvador\/\" >\n\t\t\t\t\t<img loading=\"lazy\" decoding=\"async\" width=\"667\" height=\"667\" src=\"https:\/\/i0.wp.com\/blogdoeloiltoncajuhy.com.br\/site\/wp-content\/uploads\/2021\/01\/IMG-20210124-WA0030.jpg?fit=667%2C667&amp;ssl=1\" class=\"attachment-large size-large wp-post-image\" alt=\"\" srcset=\"https:\/\/i0.wp.com\/blogdoeloiltoncajuhy.com.br\/site\/wp-content\/uploads\/2021\/01\/IMG-20210124-WA0030.jpg?w=667&amp;ssl=1 667w, https:\/\/i0.wp.com\/blogdoeloiltoncajuhy.com.br\/site\/wp-content\/uploads\/2021\/01\/IMG-20210124-WA0030.jpg?resize=300%2C300&amp;ssl=1 300w, https:\/\/i0.wp.com\/blogdoeloiltoncajuhy.com.br\/site\/wp-content\/uploads\/2021\/01\/IMG-20210124-WA0030.jpg?resize=150%2C150&amp;ssl=1 150w\" sizes=\"(max-width: 667px) 100vw, 667px\" \/>\t\t\t\t\t<div class=\"ekit_post_list_content_wraper\">\n\t\t\t\t\t\t\t\t\t\t\t\t\t\t\t\t\t\t<div class=\"meta-lists\">\n\t\t\t\t\t\t\t\t\t\t\t\t\t\t<span class=\"meta-date\">\n\n\t\t\t\t\t\t\t\t<i aria-hidden=\"true\" class=\"icon icon-calendar-page-empty\"><\/i>\n\t\t\t\t\t\t\t\t24 jan 2021\t\t\t\t\t\t\t<\/span>\n\t\t\t\t\t\t\t\n\t\t\t\t\t\t\t\t\t\t\t\t\t\t\t\t<span class=\"meta-category\">\n\t\t\t\t\t\t\t\t\t\n\t\t\t\t\t\t\t\t\t\t<i aria-hidden=\"true\" class=\"icon icon-folder\"><\/i>\n\t\t\t\t\t\t\t\t\tSenhor do Bonfim\t\t\t\t\t\t\t\t\t<\/span>\n\t\t\t\t\t\t\t\t\t\t\t\t\t\t\t<\/div>\n\t\t\t\t\t\t\n\t\t\t\t\t\t<span class=\"elementor-icon-list-text\">Esposa de Dr. Paulo Hilari\u00e3o morre v\u00edtima da Covid-19 em Salvador<\/span>\n\n\t\t\t\t\t\t\t\t\t\t\t<\/div>\n\t\t\t\t<\/a>\n\t\t\t<\/li>\n\t\t\t\t<\/ul>\n\t\t<\/div>\t\t\t\t<\/div>\n\t\t\t\t<\/div>\n\t\t\t\t\t<\/div>\n\t\t<\/div>\n\t\t\t\t\t<\/div>\n\t\t<\/section>\n\t\t\t\t\t<\/div>\n\t\t<\/div>\n\t\t\t\t\t<\/div>\n\t\t<\/section>\n\t\t\t\t<section class=\"elementor-section elementor-top-section elementor-element elementor-element-61ef2160 elementor-hidden-phone elementor-section-boxed elementor-section-height-default elementor-section-height-default\" data-id=\"61ef2160\" data-element_type=\"section\">\n\t\t\t\t\t\t<div class=\"elementor-container elementor-column-gap-default\">\n\t\t\t\t\t<div class=\"elementor-column elementor-col-100 elementor-top-column elementor-element elementor-element-32a80134\" data-id=\"32a80134\" data-element_type=\"column\">\n\t\t\t<div class=\"elementor-widget-wrap elementor-element-populated\">\n\t\t\t\t\t\t<section class=\"elementor-section elementor-inner-section elementor-element elementor-element-7664e737 elementor-section-boxed elementor-section-height-default elementor-section-height-default\" data-id=\"7664e737\" data-element_type=\"section\">\n\t\t\t\t\t\t<div class=\"elementor-container elementor-column-gap-default\">\n\t\t\t\t\t<div class=\"elementor-column elementor-col-100 elementor-inner-column elementor-element elementor-element-3c9dc5ca\" data-id=\"3c9dc5ca\" data-element_type=\"column\">\n\t\t\t<div class=\"elementor-widget-wrap elementor-element-populated\">\n\t\t\t\t\t\t<div class=\"elementor-element elementor-element-205dd0bc elementor-grid-4 elementor-posts--align-center elementor-posts__hover-none elementor-grid-tablet-2 elementor-grid-mobile-1 elementor-posts--thumbnail-top elementor-widget elementor-widget-posts\" data-id=\"205dd0bc\" data-element_type=\"widget\" data-settings=\"{&quot;cards_columns&quot;:&quot;4&quot;,&quot;cards_row_gap&quot;:{&quot;unit&quot;:&quot;px&quot;,&quot;size&quot;:&quot;30&quot;,&quot;sizes&quot;:[]},&quot;cards_columns_tablet&quot;:&quot;2&quot;,&quot;cards_columns_mobile&quot;:&quot;1&quot;,&quot;cards_row_gap_tablet&quot;:{&quot;unit&quot;:&quot;px&quot;,&quot;size&quot;:&quot;&quot;,&quot;sizes&quot;:[]},&quot;cards_row_gap_mobile&quot;:{&quot;unit&quot;:&quot;px&quot;,&quot;size&quot;:&quot;&quot;,&quot;sizes&quot;:[]}}\" data-widget_type=\"posts.cards\">\n\t\t\t\t<div class=\"elementor-widget-container\">\n\t\t\t\t\t\t\t<div class=\"elementor-posts-container elementor-posts elementor-posts--skin-cards elementor-grid\">\n\t\t\t\t<article class=\"elementor-post elementor-grid-item post-95274 post type-post status-publish format-standard has-post-thumbnail hentry category-saude\">\n\t\t\t<div class=\"elementor-post__card\">\n\t\t\t\t<a class=\"elementor-post__thumbnail__link\" href=\"https:\/\/blogdoeloiltoncajuhy.com.br\/site\/saude-na-escola-mec-e-ministerio-da-saude-promovem-prevencao-a-diabetes\/\" tabindex=\"-1\" ><div class=\"elementor-post__thumbnail\"><img loading=\"lazy\" decoding=\"async\" width=\"768\" height=\"498\" src=\"https:\/\/i0.wp.com\/blogdoeloiltoncajuhy.com.br\/site\/wp-content\/uploads\/2026\/04\/Diabetes-Foto-Foto-Shutterstock.jpg?fit=768%2C498&amp;ssl=1\" class=\"attachment-full size-full wp-image-95275\" alt=\"\" srcset=\"https:\/\/i0.wp.com\/blogdoeloiltoncajuhy.com.br\/site\/wp-content\/uploads\/2026\/04\/Diabetes-Foto-Foto-Shutterstock.jpg?w=768&amp;ssl=1 768w, https:\/\/i0.wp.com\/blogdoeloiltoncajuhy.com.br\/site\/wp-content\/uploads\/2026\/04\/Diabetes-Foto-Foto-Shutterstock.jpg?resize=300%2C195&amp;ssl=1 300w\" sizes=\"(max-width: 768px) 100vw, 768px\" \/><\/div><\/a>\n\t\t\t\t<div class=\"elementor-post__text\">\n\t\t\t\t<h3 class=\"elementor-post__title\">\n\t\t\t<a href=\"https:\/\/blogdoeloiltoncajuhy.com.br\/site\/saude-na-escola-mec-e-ministerio-da-saude-promovem-prevencao-a-diabetes\/\" >\n\t\t\t\tSa\u00fade na Escola: MEC e Minist\u00e9rio da Sa\u00fade promovem preven\u00e7\u00e3o a diabetes\t\t\t<\/a>\n\t\t<\/h3>\n\t\t\t\t<\/div>\n\t\t\t\t<div class=\"elementor-post__meta-data\">\n\t\t\t\t\t<span class=\"elementor-post-date\">\n\t\t\t29 de abril de 2026\t\t<\/span>\n\t\t\t\t<span class=\"elementor-post-avatar\">\n\t\t\tNenhum coment\u00e1rio\t\t<\/span>\n\t\t\t\t<\/div>\n\t\t\t\t\t<\/div>\n\t\t<\/article>\n\t\t\t\t<article class=\"elementor-post elementor-grid-item post-95231 post type-post status-publish format-standard has-post-thumbnail hentry category-cultura\">\n\t\t\t<div class=\"elementor-post__card\">\n\t\t\t\t<a class=\"elementor-post__thumbnail__link\" href=\"https:\/\/blogdoeloiltoncajuhy.com.br\/site\/35-anos-sem-gonzaguinha-e-uma-obra-que-permanece-viva\/\" tabindex=\"-1\" ><div class=\"elementor-post__thumbnail\"><img loading=\"lazy\" decoding=\"async\" width=\"768\" height=\"432\" src=\"https:\/\/i0.wp.com\/blogdoeloiltoncajuhy.com.br\/site\/wp-content\/uploads\/2026\/04\/gonzaguinha-27042026.jpg?fit=768%2C432&amp;ssl=1\" class=\"attachment-full size-full wp-image-95232\" alt=\"\" srcset=\"https:\/\/i0.wp.com\/blogdoeloiltoncajuhy.com.br\/site\/wp-content\/uploads\/2026\/04\/gonzaguinha-27042026.jpg?w=768&amp;ssl=1 768w, https:\/\/i0.wp.com\/blogdoeloiltoncajuhy.com.br\/site\/wp-content\/uploads\/2026\/04\/gonzaguinha-27042026.jpg?resize=300%2C169&amp;ssl=1 300w\" sizes=\"(max-width: 768px) 100vw, 768px\" \/><\/div><\/a>\n\t\t\t\t<div class=\"elementor-post__text\">\n\t\t\t\t<h3 class=\"elementor-post__title\">\n\t\t\t<a href=\"https:\/\/blogdoeloiltoncajuhy.com.br\/site\/35-anos-sem-gonzaguinha-e-uma-obra-que-permanece-viva\/\" >\n\t\t\t\t35 anos sem Gonzaguinha e uma obra que permanece viva\t\t\t<\/a>\n\t\t<\/h3>\n\t\t\t\t<\/div>\n\t\t\t\t<div class=\"elementor-post__meta-data\">\n\t\t\t\t\t<span class=\"elementor-post-date\">\n\t\t\t29 de abril de 2026\t\t<\/span>\n\t\t\t\t<span class=\"elementor-post-avatar\">\n\t\t\tNenhum coment\u00e1rio\t\t<\/span>\n\t\t\t\t<\/div>\n\t\t\t\t\t<\/div>\n\t\t<\/article>\n\t\t\t\t<article class=\"elementor-post elementor-grid-item post-95270 post type-post status-publish format-standard has-post-thumbnail hentry category-saude\">\n\t\t\t<div class=\"elementor-post__card\">\n\t\t\t\t<a class=\"elementor-post__thumbnail__link\" href=\"https:\/\/blogdoeloiltoncajuhy.com.br\/site\/caminhar-com-frequencia-regular-pode-ser-o-primeiro-passo-para-uma-vida-mais-saudavel\/\" tabindex=\"-1\" ><div class=\"elementor-post__thumbnail\"><img loading=\"lazy\" decoding=\"async\" width=\"900\" height=\"450\" src=\"https:\/\/i0.wp.com\/blogdoeloiltoncajuhy.com.br\/site\/wp-content\/uploads\/2026\/04\/ChatGPT-Image-Caminhada.jpg?fit=900%2C450&amp;ssl=1\" class=\"attachment-full size-full wp-image-95271\" alt=\"\" srcset=\"https:\/\/i0.wp.com\/blogdoeloiltoncajuhy.com.br\/site\/wp-content\/uploads\/2026\/04\/ChatGPT-Image-Caminhada.jpg?w=900&amp;ssl=1 900w, https:\/\/i0.wp.com\/blogdoeloiltoncajuhy.com.br\/site\/wp-content\/uploads\/2026\/04\/ChatGPT-Image-Caminhada.jpg?resize=300%2C150&amp;ssl=1 300w, https:\/\/i0.wp.com\/blogdoeloiltoncajuhy.com.br\/site\/wp-content\/uploads\/2026\/04\/ChatGPT-Image-Caminhada.jpg?resize=768%2C384&amp;ssl=1 768w\" sizes=\"(max-width: 800px) 100vw, 800px\" \/><\/div><\/a>\n\t\t\t\t<div class=\"elementor-post__text\">\n\t\t\t\t<h3 class=\"elementor-post__title\">\n\t\t\t<a href=\"https:\/\/blogdoeloiltoncajuhy.com.br\/site\/caminhar-com-frequencia-regular-pode-ser-o-primeiro-passo-para-uma-vida-mais-saudavel\/\" >\n\t\t\t\tCaminhar com frequ\u00eancia regular pode ser o primeiro passo para uma vida mais saud\u00e1vel\t\t\t<\/a>\n\t\t<\/h3>\n\t\t\t\t<\/div>\n\t\t\t\t<div class=\"elementor-post__meta-data\">\n\t\t\t\t\t<span class=\"elementor-post-date\">\n\t\t\t29 de abril de 2026\t\t<\/span>\n\t\t\t\t<span class=\"elementor-post-avatar\">\n\t\t\tNenhum coment\u00e1rio\t\t<\/span>\n\t\t\t\t<\/div>\n\t\t\t\t\t<\/div>\n\t\t<\/article>\n\t\t\t\t<article class=\"elementor-post elementor-grid-item post-95267 post type-post status-publish format-standard has-post-thumbnail hentry category-saude\">\n\t\t\t<div class=\"elementor-post__card\">\n\t\t\t\t<a class=\"elementor-post__thumbnail__link\" href=\"https:\/\/blogdoeloiltoncajuhy.com.br\/site\/governo-federal-libera-cerca-de-r-664-milhoes-para-a-construcao-de-34-novas-unidades-de-saude-na-bahia\/\" tabindex=\"-1\" ><div class=\"elementor-post__thumbnail\"><img loading=\"lazy\" decoding=\"async\" width=\"768\" height=\"510\" src=\"https:\/\/i0.wp.com\/blogdoeloiltoncajuhy.com.br\/site\/wp-content\/uploads\/2026\/04\/GOVFED_Agora-Tem-Especialistas-Foto-Reproducao-Prefeitura-Municipal-de-Vitoria-da-Conquista.jpg?fit=768%2C510&amp;ssl=1\" class=\"attachment-full size-full wp-image-95268\" alt=\"\" srcset=\"https:\/\/i0.wp.com\/blogdoeloiltoncajuhy.com.br\/site\/wp-content\/uploads\/2026\/04\/GOVFED_Agora-Tem-Especialistas-Foto-Reproducao-Prefeitura-Municipal-de-Vitoria-da-Conquista.jpg?w=768&amp;ssl=1 768w, https:\/\/i0.wp.com\/blogdoeloiltoncajuhy.com.br\/site\/wp-content\/uploads\/2026\/04\/GOVFED_Agora-Tem-Especialistas-Foto-Reproducao-Prefeitura-Municipal-de-Vitoria-da-Conquista.jpg?resize=300%2C199&amp;ssl=1 300w\" sizes=\"(max-width: 768px) 100vw, 768px\" \/><\/div><\/a>\n\t\t\t\t<div class=\"elementor-post__text\">\n\t\t\t\t<h3 class=\"elementor-post__title\">\n\t\t\t<a href=\"https:\/\/blogdoeloiltoncajuhy.com.br\/site\/governo-federal-libera-cerca-de-r-664-milhoes-para-a-construcao-de-34-novas-unidades-de-saude-na-bahia\/\" >\n\t\t\t\tGoverno Federal libera cerca de R$ 66,4 milh\u00f5es para a constru\u00e7\u00e3o de 34 novas unidades de sa\u00fade na Bahia\t\t\t<\/a>\n\t\t<\/h3>\n\t\t\t\t<\/div>\n\t\t\t\t<div class=\"elementor-post__meta-data\">\n\t\t\t\t\t<span class=\"elementor-post-date\">\n\t\t\t29 de abril de 2026\t\t<\/span>\n\t\t\t\t<span class=\"elementor-post-avatar\">\n\t\t\tNenhum coment\u00e1rio\t\t<\/span>\n\t\t\t\t<\/div>\n\t\t\t\t\t<\/div>\n\t\t<\/article>\n\t\t\t\t<\/div>\n\t\t\n\t\t\t\t\t\t<\/div>\n\t\t\t\t<\/div>\n\t\t\t\t\t<\/div>\n\t\t<\/div>\n\t\t\t\t\t<\/div>\n\t\t<\/section>\n\t\t\t\t\t<\/div>\n\t\t<\/div>\n\t\t\t\t\t<\/div>\n\t\t<\/section>\n\t\t\t\t<section class=\"elementor-section elementor-top-section elementor-element elementor-element-213876a elementor-section-boxed elementor-section-height-default elementor-section-height-default\" data-id=\"213876a\" data-element_type=\"section\">\n\t\t\t\t\t\t<div class=\"elementor-container elementor-column-gap-default\">\n\t\t\t\t\t<div class=\"elementor-column elementor-col-100 elementor-top-column elementor-element elementor-element-73c84b3\" data-id=\"73c84b3\" data-element_type=\"column\">\n\t\t\t<div class=\"elementor-widget-wrap\">\n\t\t\t\t\t\t\t<\/div>\n\t\t<\/div>\n\t\t\t\t\t<\/div>\n\t\t<\/section>\n\t\t\t\t<\/div>\n\t\t","protected":false},"excerpt":{"rendered":"<p>&#8220;,&#8221;nextArrow&#8221;:&#8221;&#8220;,&#8221;autoplay&#8221;:false,&#8221;autoplaySpeed&#8221;:5000,&#8221;rtl&#8221;:false}&#8217; dir=&#8221;ltr&#8221;> Esportes FBF divulga tabela do Campeonato Baiano com in\u00edcio marcado para 15 de janeiro Pol\u00edcia Mensagens de adolescente de 12 anos a professor<\/p>\n","protected":false},"author":2,"featured_media":45512,"parent":0,"menu_order":0,"comment_status":"closed","ping_status":"closed","template":"elementor_header_footer","meta":{"_acf_changed":false,"_monsterinsights_skip_tracking":false,"_monsterinsights_sitenote_active":false,"_monsterinsights_sitenote_note":"","_monsterinsights_sitenote_category":0,"footnotes":""},"class_list":["post-45218","page","type-page","status-publish","has-post-thumbnail","hentry"],"acf":[],"jetpack_sharing_enabled":true,"publishpress_future_workflow_manual_trigger":{"enabledWorkflows":[]},"_links":{"self":[{"href":"https:\/\/blogdoeloiltoncajuhy.com.br\/site\/wp-json\/wp\/v2\/pages\/45218","targetHints":{"allow":["GET"]}}],"collection":[{"href":"https:\/\/blogdoeloiltoncajuhy.com.br\/site\/wp-json\/wp\/v2\/pages"}],"about":[{"href":"https:\/\/blogdoeloiltoncajuhy.com.br\/site\/wp-json\/wp\/v2\/types\/page"}],"author":[{"embeddable":true,"href":"https:\/\/blogdoeloiltoncajuhy.com.br\/site\/wp-json\/wp\/v2\/users\/2"}],"replies":[{"embeddable":true,"href":"https:\/\/blogdoeloiltoncajuhy.com.br\/site\/wp-json\/wp\/v2\/comments?post=45218"}],"version-history":[{"count":62,"href":"https:\/\/blogdoeloiltoncajuhy.com.br\/site\/wp-json\/wp\/v2\/pages\/45218\/revisions"}],"predecessor-version":[{"id":61577,"href":"https:\/\/blogdoeloiltoncajuhy.com.br\/site\/wp-json\/wp\/v2\/pages\/45218\/revisions\/61577"}],"wp:featuredmedia":[{"embeddable":true,"href":"https:\/\/blogdoeloiltoncajuhy.com.br\/site\/wp-json\/wp\/v2\/media\/45512"}],"wp:attachment":[{"href":"https:\/\/blogdoeloiltoncajuhy.com.br\/site\/wp-json\/wp\/v2\/media?parent=45218"}],"curies":[{"name":"wp","href":"https:\/\/api.w.org\/{rel}","templated":true}]}}